{"id":5509,"date":"2026-02-27T11:19:05","date_gmt":"2026-02-27T10:19:05","guid":{"rendered":"https:\/\/www.diocese-limoges.fr\/haute-vienne\/?post_type=paroisse&#038;p=5509"},"modified":"2026-03-20T11:50:12","modified_gmt":"2026-03-20T10:50:12","slug":"choeur-liturgique","status":"publish","type":"paroisse","link":"https:\/\/www.diocese-limoges.fr\/haute-vienne\/paroisses\/paroisse-saint-leonard-en-limousin\/servir-sengager\/choeur-liturgique\/","title":{"rendered":"Ch\u0153ur liturgique"},"content":{"rendered":"\n<p>A la relecture de ce que la pr\u00e9sence du ch\u0153ur apporte aux c\u00e9l\u00e9brations, nous nous rendons compte que nous nous reposons sur trois postulats :<\/p>\n\n\n\n<ul class=\"wp-block-list\">\n<li>\u00ab Le chant est propre \u00e0 celui qui aime\u00a0\u00bb ; \u00ab\u00a0les grandes civilisations nous ont fait don de la musique afin que nous puissions exprimer ce que nous portons au plus profond de notre c\u0153ur\u00a0\u00bb. (L\u00e9on XIV lors du rassemblement des ch\u0153urs et chorales le 23 novembre 2025)<\/li>\n\n\n\n<li>Une c\u00e9l\u00e9bration doit \u00eatre belle. On ne rend pas gr\u00e2ce \u00e0 Dieu avec de la laideur. Cette beaut\u00e9 peut \u00eatre brillante ou sobre, comme on veut ; mais par la beaut\u00e9 du chant, on exprime et on vit soi-m\u00eame, physiquement le drame ou la paix, la supplication ou la joie dont il est question dans la liturgie (Fr Yves Combeau, le Jour du Seigneur).<\/li>\n\n\n\n<li>Outre le fait de \u00ab servir et chanter Dieu \u00bb, le ch\u0153ur invite \u00e0 se laisser mener par l\u2019Esprit, \u00e0 apporter sa voix, \u00e0 vivre un moment d\u2019harmonie les uns avec les autres, dans un respect du parcours de chacun, dans une volont\u00e9 d\u2019adaptation et un d\u00e9sir de vivre concr\u00e8tement la solidarit\u00e9 et la fraternit\u00e9. Il nous faut oser se rendre serviteur dans ce beau service d\u2019\u00e9glise.<\/li>\n<\/ul>\n\n\n\n<p>Voici maintenant quelques ann\u00e9es que le ch\u0153ur liturgique de la paroisse St L\u00e9onard en Limousin participe aux Eucharisties. Il est n\u00e9 d\u2019une volont\u00e9 de chanter ensemble, de vivre un moment d\u2019harmonie entre la Parole de Dieu donn\u00e9e par le c\u00e9l\u00e9brant, le chant polyphonique du ch\u0153ur liturgique et le chant repris par l\u2019assembl\u00e9e.<\/p>\n\n\n\n<p>Le ch\u0153ur liturgique est mixte, il est ouvert \u00e0 toutes et tous, il accueille \u00e9galement des instrumentistes. Pour un apprentissage facilit\u00e9, nous faisons parvenir par mail avant les r\u00e9p\u00e9titions, les partitions et les voix enregistr\u00e9es par pupitre, \u00e0 chaque choriste, chaque instrumentiste. Une courte r\u00e9p\u00e9tition est propos\u00e9e \u00e9galement \u00e0 l\u2019assembl\u00e9e avant chaque c\u00e9l\u00e9bration.<\/p>\n\n\n\n<p>Si vous souhaitez rejoindre le ch\u0153ur liturgique, les r\u00e9p\u00e9titions ont lieu actuellement chaque mercredi de18h30 \u00e0 20h00, au Centre paroissial, 8 rue de Strasbourg \u00e0 St L\u00e9onard.<\/p>\n\n\n\n<p>N\u2019h\u00e9sitez pas \u00e0 prendre contact avec le chef de ch\u0153ur <mark style=\"background-color:#ff6900\" class=\"has-inline-color\">Pierre Roussel pierre.roussel13@orange.fr ou 07 86 53 12 68<\/mark><\/p>\n\n\n\n<p><\/p>\n","protected":false},"author":24,"featured_media":5510,"parent":5478,"menu_order":4,"template":"","meta":{"_acf_changed":false},"class_list":["post-5509","paroisse","type-paroisse","status-publish","has-post-thumbnail","hentry"],"acf":[],"yoast_head":"<!-- This site is optimized with the Yoast SEO plugin v26.4 - https:\/\/yoast.com\/wordpress\/plugins\/seo\/ -->\n<title>Ch\u0153ur liturgique - Doyenn\u00e9s de Haute Vienne<\/title>\n<meta name=\"robots\" content=\"index, follow, max-snippet:-1, max-image-preview:large, max-video-preview:-1\" \/>\n<link rel=\"canonical\" href=\"https:\/\/www.diocese-limoges.fr\/haute-vienne\/paroisses\/paroisse-saint-leonard-en-limousin\/servir-sengager\/choeur-liturgique\/\" \/>\n<meta property=\"og:locale\" content=\"fr_FR\" \/>\n<meta property=\"og:type\" content=\"article\" \/>\n<meta property=\"og:title\" content=\"Ch\u0153ur liturgique - Doyenn\u00e9s de Haute Vienne\" \/>\n<meta property=\"og:description\" content=\"A la relecture de ce que la pr\u00e9sence du ch\u0153ur apporte aux c\u00e9l\u00e9brations, nous nous rendons compte que nous nous reposons sur trois postulats : Voici maintenant quelques ann\u00e9es que le ch\u0153ur liturgique de la paroisse St L\u00e9onard en Limousin participe aux Eucharisties. Il est n\u00e9 d\u2019une volont\u00e9 de chanter ensemble, de vivre un moment [&hellip;]\" \/>\n<meta property=\"og:url\" content=\"https:\/\/www.diocese-limoges.fr\/haute-vienne\/paroisses\/paroisse-saint-leonard-en-limousin\/servir-sengager\/choeur-liturgique\/\" \/>\n<meta property=\"og:site_name\" content=\"Doyenn\u00e9s de Haute Vienne\" \/>\n<meta property=\"article:modified_time\" content=\"2026-03-20T10:50:12+00:00\" \/>\n<meta property=\"og:image\" content=\"https:\/\/www.diocese-limoges.fr\/haute-vienne\/wp-content\/uploads\/sites\/4\/2026\/02\/bandeau-choeur-liturgique.png\" \/>\n\t<meta property=\"og:image:width\" content=\"682\" \/>\n\t<meta property=\"og:image:height\" content=\"196\" \/>\n\t<meta property=\"og:image:type\" content=\"image\/png\" \/>\n<meta name=\"twitter:card\" content=\"summary_large_image\" \/>\n<meta name=\"twitter:label1\" content=\"Dur\u00e9e de lecture estim\u00e9e\" \/>\n\t<meta name=\"twitter:data1\" content=\"2 minutes\" \/>\n<script type=\"application\/ld+json\" class=\"yoast-schema-graph\">{\"@context\":\"https:\/\/schema.org\",\"@graph\":[{\"@type\":\"WebPage\",\"@id\":\"https:\/\/www.diocese-limoges.fr\/haute-vienne\/paroisses\/paroisse-saint-leonard-en-limousin\/servir-sengager\/choeur-liturgique\/\",\"url\":\"https:\/\/www.diocese-limoges.fr\/haute-vienne\/paroisses\/paroisse-saint-leonard-en-limousin\/servir-sengager\/choeur-liturgique\/\",\"name\":\"Ch\u0153ur liturgique - Doyenn\u00e9s de Haute Vienne\",\"isPartOf\":{\"@id\":\"https:\/\/www.diocese-limoges.fr\/haute-vienne\/#website\"},\"primaryImageOfPage\":{\"@id\":\"https:\/\/www.diocese-limoges.fr\/haute-vienne\/paroisses\/paroisse-saint-leonard-en-limousin\/servir-sengager\/choeur-liturgique\/#primaryimage\"},\"image\":{\"@id\":\"https:\/\/www.diocese-limoges.fr\/haute-vienne\/paroisses\/paroisse-saint-leonard-en-limousin\/servir-sengager\/choeur-liturgique\/#primaryimage\"},\"thumbnailUrl\":\"https:\/\/www.diocese-limoges.fr\/haute-vienne\/wp-content\/uploads\/sites\/4\/2026\/02\/bandeau-choeur-liturgique.png\",\"datePublished\":\"2026-02-27T10:19:05+00:00\",\"dateModified\":\"2026-03-20T10:50:12+00:00\",\"breadcrumb\":{\"@id\":\"https:\/\/www.diocese-limoges.fr\/haute-vienne\/paroisses\/paroisse-saint-leonard-en-limousin\/servir-sengager\/choeur-liturgique\/#breadcrumb\"},\"inLanguage\":\"fr-FR\",\"potentialAction\":[{\"@type\":\"ReadAction\",\"target\":[\"https:\/\/www.diocese-limoges.fr\/haute-vienne\/paroisses\/paroisse-saint-leonard-en-limousin\/servir-sengager\/choeur-liturgique\/\"]}]},{\"@type\":\"ImageObject\",\"inLanguage\":\"fr-FR\",\"@id\":\"https:\/\/www.diocese-limoges.fr\/haute-vienne\/paroisses\/paroisse-saint-leonard-en-limousin\/servir-sengager\/choeur-liturgique\/#primaryimage\",\"url\":\"https:\/\/www.diocese-limoges.fr\/haute-vienne\/wp-content\/uploads\/sites\/4\/2026\/02\/bandeau-choeur-liturgique.png\",\"contentUrl\":\"https:\/\/www.diocese-limoges.fr\/haute-vienne\/wp-content\/uploads\/sites\/4\/2026\/02\/bandeau-choeur-liturgique.png\",\"width\":682,\"height\":196},{\"@type\":\"BreadcrumbList\",\"@id\":\"https:\/\/www.diocese-limoges.fr\/haute-vienne\/paroisses\/paroisse-saint-leonard-en-limousin\/servir-sengager\/choeur-liturgique\/#breadcrumb\",\"itemListElement\":[{\"@type\":\"ListItem\",\"position\":1,\"name\":\"Accueil\",\"item\":\"https:\/\/www.diocese-limoges.fr\/haute-vienne\/\"},{\"@type\":\"ListItem\",\"position\":2,\"name\":\"Paroisse Saint L\u00e9onard en Limousin\",\"item\":\"https:\/\/www.diocese-limoges.fr\/haute-vienne\/paroisses\/paroisse-saint-leonard-en-limousin\/\"},{\"@type\":\"ListItem\",\"position\":3,\"name\":\"Servir\/s&rsquo;engager\",\"item\":\"https:\/\/www.diocese-limoges.fr\/haute-vienne\/paroisses\/paroisse-saint-leonard-en-limousin\/servir-sengager\/\"},{\"@type\":\"ListItem\",\"position\":4,\"name\":\"Ch\u0153ur liturgique\"}]},{\"@type\":\"WebSite\",\"@id\":\"https:\/\/www.diocese-limoges.fr\/haute-vienne\/#website\",\"url\":\"https:\/\/www.diocese-limoges.fr\/haute-vienne\/\",\"name\":\"Doyenn\u00e9s de Haute Vienne\",\"description\":\"Dioc\u00e8se de Limoges\",\"potentialAction\":[{\"@type\":\"SearchAction\",\"target\":{\"@type\":\"EntryPoint\",\"urlTemplate\":\"https:\/\/www.diocese-limoges.fr\/haute-vienne\/?s={search_term_string}\"},\"query-input\":{\"@type\":\"PropertyValueSpecification\",\"valueRequired\":true,\"valueName\":\"search_term_string\"}}],\"inLanguage\":\"fr-FR\"}]}<\/script>\n<!-- \/ Yoast SEO plugin. -->","yoast_head_json":{"title":"Ch\u0153ur liturgique - Doyenn\u00e9s de Haute Vienne","robots":{"index":"index","follow":"follow","max-snippet":"max-snippet:-1","max-image-preview":"max-image-preview:large","max-video-preview":"max-video-preview:-1"},"canonical":"https:\/\/www.diocese-limoges.fr\/haute-vienne\/paroisses\/paroisse-saint-leonard-en-limousin\/servir-sengager\/choeur-liturgique\/","og_locale":"fr_FR","og_type":"article","og_title":"Ch\u0153ur liturgique - Doyenn\u00e9s de Haute Vienne","og_description":"A la relecture de ce que la pr\u00e9sence du ch\u0153ur apporte aux c\u00e9l\u00e9brations, nous nous rendons compte que nous nous reposons sur trois postulats : Voici maintenant quelques ann\u00e9es que le ch\u0153ur liturgique de la paroisse St L\u00e9onard en Limousin participe aux Eucharisties. Il est n\u00e9 d\u2019une volont\u00e9 de chanter ensemble, de vivre un moment [&hellip;]","og_url":"https:\/\/www.diocese-limoges.fr\/haute-vienne\/paroisses\/paroisse-saint-leonard-en-limousin\/servir-sengager\/choeur-liturgique\/","og_site_name":"Doyenn\u00e9s de Haute Vienne","article_modified_time":"2026-03-20T10:50:12+00:00","og_image":[{"width":682,"height":196,"url":"https:\/\/www.diocese-limoges.fr\/haute-vienne\/wp-content\/uploads\/sites\/4\/2026\/02\/bandeau-choeur-liturgique.png","type":"image\/png"}],"twitter_card":"summary_large_image","twitter_misc":{"Dur\u00e9e de lecture estim\u00e9e":"2 minutes"},"schema":{"@context":"https:\/\/schema.org","@graph":[{"@type":"WebPage","@id":"https:\/\/www.diocese-limoges.fr\/haute-vienne\/paroisses\/paroisse-saint-leonard-en-limousin\/servir-sengager\/choeur-liturgique\/","url":"https:\/\/www.diocese-limoges.fr\/haute-vienne\/paroisses\/paroisse-saint-leonard-en-limousin\/servir-sengager\/choeur-liturgique\/","name":"Ch\u0153ur liturgique - Doyenn\u00e9s de Haute Vienne","isPartOf":{"@id":"https:\/\/www.diocese-limoges.fr\/haute-vienne\/#website"},"primaryImageOfPage":{"@id":"https:\/\/www.diocese-limoges.fr\/haute-vienne\/paroisses\/paroisse-saint-leonard-en-limousin\/servir-sengager\/choeur-liturgique\/#primaryimage"},"image":{"@id":"https:\/\/www.diocese-limoges.fr\/haute-vienne\/paroisses\/paroisse-saint-leonard-en-limousin\/servir-sengager\/choeur-liturgique\/#primaryimage"},"thumbnailUrl":"https:\/\/www.diocese-limoges.fr\/haute-vienne\/wp-content\/uploads\/sites\/4\/2026\/02\/bandeau-choeur-liturgique.png","datePublished":"2026-02-27T10:19:05+00:00","dateModified":"2026-03-20T10:50:12+00:00","breadcrumb":{"@id":"https:\/\/www.diocese-limoges.fr\/haute-vienne\/paroisses\/paroisse-saint-leonard-en-limousin\/servir-sengager\/choeur-liturgique\/#breadcrumb"},"inLanguage":"fr-FR","potentialAction":[{"@type":"ReadAction","target":["https:\/\/www.diocese-limoges.fr\/haute-vienne\/paroisses\/paroisse-saint-leonard-en-limousin\/servir-sengager\/choeur-liturgique\/"]}]},{"@type":"ImageObject","inLanguage":"fr-FR","@id":"https:\/\/www.diocese-limoges.fr\/haute-vienne\/paroisses\/paroisse-saint-leonard-en-limousin\/servir-sengager\/choeur-liturgique\/#primaryimage","url":"https:\/\/www.diocese-limoges.fr\/haute-vienne\/wp-content\/uploads\/sites\/4\/2026\/02\/bandeau-choeur-liturgique.png","contentUrl":"https:\/\/www.diocese-limoges.fr\/haute-vienne\/wp-content\/uploads\/sites\/4\/2026\/02\/bandeau-choeur-liturgique.png","width":682,"height":196},{"@type":"BreadcrumbList","@id":"https:\/\/www.diocese-limoges.fr\/haute-vienne\/paroisses\/paroisse-saint-leonard-en-limousin\/servir-sengager\/choeur-liturgique\/#breadcrumb","itemListElement":[{"@type":"ListItem","position":1,"name":"Accueil","item":"https:\/\/www.diocese-limoges.fr\/haute-vienne\/"},{"@type":"ListItem","position":2,"name":"Paroisse Saint L\u00e9onard en Limousin","item":"https:\/\/www.diocese-limoges.fr\/haute-vienne\/paroisses\/paroisse-saint-leonard-en-limousin\/"},{"@type":"ListItem","position":3,"name":"Servir\/s&rsquo;engager","item":"https:\/\/www.diocese-limoges.fr\/haute-vienne\/paroisses\/paroisse-saint-leonard-en-limousin\/servir-sengager\/"},{"@type":"ListItem","position":4,"name":"Ch\u0153ur liturgique"}]},{"@type":"WebSite","@id":"https:\/\/www.diocese-limoges.fr\/haute-vienne\/#website","url":"https:\/\/www.diocese-limoges.fr\/haute-vienne\/","name":"Doyenn\u00e9s de Haute Vienne","description":"Dioc\u00e8se de Limoges","potentialAction":[{"@type":"SearchAction","target":{"@type":"EntryPoint","urlTemplate":"https:\/\/www.diocese-limoges.fr\/haute-vienne\/?s={search_term_string}"},"query-input":{"@type":"PropertyValueSpecification","valueRequired":true,"valueName":"search_term_string"}}],"inLanguage":"fr-FR"}]}},"_links":{"self":[{"href":"https:\/\/www.diocese-limoges.fr\/haute-vienne\/wp-json\/wp\/v2\/paroisse\/5509","targetHints":{"allow":["GET"]}}],"collection":[{"href":"https:\/\/www.diocese-limoges.fr\/haute-vienne\/wp-json\/wp\/v2\/paroisse"}],"about":[{"href":"https:\/\/www.diocese-limoges.fr\/haute-vienne\/wp-json\/wp\/v2\/types\/paroisse"}],"author":[{"embeddable":true,"href":"https:\/\/www.diocese-limoges.fr\/haute-vienne\/wp-json\/wp\/v2\/users\/24"}],"up":[{"embeddable":true,"href":"https:\/\/www.diocese-limoges.fr\/haute-vienne\/wp-json\/wp\/v2\/paroisse\/5478"}],"wp:featuredmedia":[{"embeddable":true,"href":"https:\/\/www.diocese-limoges.fr\/haute-vienne\/wp-json\/wp\/v2\/media\/5510"}],"wp:attachment":[{"href":"https:\/\/www.diocese-limoges.fr\/haute-vienne\/wp-json\/wp\/v2\/media?parent=5509"}],"curies":[{"name":"wp","href":"https:\/\/api.w.org\/{rel}","templated":true}]}}