{"id":5513,"date":"2026-02-27T12:14:01","date_gmt":"2026-02-27T11:14:01","guid":{"rendered":"https:\/\/www.diocese-limoges.fr\/haute-vienne\/?post_type=paroisse&#038;p=5513"},"modified":"2026-03-20T11:55:08","modified_gmt":"2026-03-20T10:55:08","slug":"fleurir-en-liturgie","status":"publish","type":"paroisse","link":"https:\/\/www.diocese-limoges.fr\/haute-vienne\/paroisses\/paroisse-saint-leonard-en-limousin\/servir-sengager\/au-service-de-mon-clocher\/fleurir-en-liturgie\/","title":{"rendered":"Fleurir en liturgie"},"content":{"rendered":"\n<p>Lors des c\u00e9l\u00e9brations vous pouvez voir au pied de l&rsquo;autel, \u00e0 l&rsquo;ambon, \u00e0 l&rsquo;accueil, &#8230;, des compositions florales. <br>Non la paroisse n&rsquo;a pas un fleuriste professionnel qui vient le samedi pour d\u00e9corer l&rsquo;\u00e9glise. Ceux sont des b\u00e9n\u00e9voles qui prennent du temps pour embellir nos \u00e9glises selon les textes, les f\u00eates et le temps de l&rsquo;ann\u00e9e. <\/p>\n\n\n\n<p>Fleurir en liturgie c&rsquo;est participer aux c\u00e9l\u00e9brations en permettant aux fid\u00e8les de prier, se recueillir. Il faut savoir utiliser les cadeaux que Dieu nous fait dans la nature (fleurs, branchages, &#8230;) pour lui rendre gr\u00e2ce. <\/p>\n\n\n\n<p>Cela demande de la patience et un certain apprentissage car la composition n\u2019a pas sa finalit\u00e9 en elle-m\u00eame et le regard ne doit pas s\u2019y arr\u00eater. Elle ne doit pas \u00eatre un obstacle mais elle doit conduire notre regard vers plus grand qu\u2019elle, vers cet Autre que nous venons rencontrer. En effet, l\u2019arrangement floral, \u00e0 l\u2019instar de la musique liturgique, accompagne\u00a0la pri\u00e8re de la communaut\u00e9 rassembl\u00e9e qui c\u00e9l\u00e8bre l&rsquo;Alliance\u00a0de Dieu et de son peuple. (CEF Liturgie et Sacrement). <\/p>\n\n\n\n<p>Si vous souhaitez entrer dans l&rsquo;\u00e9quipe paroissiale, contactez <mark class=\"has-inline-color has-pale-pink-color\">Odile au 06 86 70 60 62.<\/mark> <\/p>\n","protected":false},"author":24,"featured_media":0,"parent":5483,"menu_order":3,"template":"","meta":{"_acf_changed":false},"class_list":["post-5513","paroisse","type-paroisse","status-publish","hentry"],"acf":[],"yoast_head":"<!-- This site is optimized with the Yoast SEO plugin v26.4 - https:\/\/yoast.com\/wordpress\/plugins\/seo\/ -->\n<title>Fleurir en liturgie - Doyenn\u00e9s de Haute Vienne<\/title>\n<meta name=\"robots\" content=\"index, follow, max-snippet:-1, max-image-preview:large, max-video-preview:-1\" \/>\n<link rel=\"canonical\" href=\"https:\/\/www.diocese-limoges.fr\/haute-vienne\/paroisses\/paroisse-saint-leonard-en-limousin\/servir-sengager\/au-service-de-mon-clocher\/fleurir-en-liturgie\/\" \/>\n<meta property=\"og:locale\" content=\"fr_FR\" \/>\n<meta property=\"og:type\" content=\"article\" \/>\n<meta property=\"og:title\" content=\"Fleurir en liturgie - Doyenn\u00e9s de Haute Vienne\" \/>\n<meta property=\"og:description\" content=\"Lors des c\u00e9l\u00e9brations vous pouvez voir au pied de l&rsquo;autel, \u00e0 l&rsquo;ambon, \u00e0 l&rsquo;accueil, &#8230;, des compositions florales. Non la paroisse n&rsquo;a pas un fleuriste professionnel qui vient le samedi pour d\u00e9corer l&rsquo;\u00e9glise. Ceux sont des b\u00e9n\u00e9voles qui prennent du temps pour embellir nos \u00e9glises selon les textes, les f\u00eates et le temps de l&rsquo;ann\u00e9e. [&hellip;]\" \/>\n<meta property=\"og:url\" content=\"https:\/\/www.diocese-limoges.fr\/haute-vienne\/paroisses\/paroisse-saint-leonard-en-limousin\/servir-sengager\/au-service-de-mon-clocher\/fleurir-en-liturgie\/\" \/>\n<meta property=\"og:site_name\" content=\"Doyenn\u00e9s de Haute Vienne\" \/>\n<meta property=\"article:modified_time\" content=\"2026-03-20T10:55:08+00:00\" \/>\n<meta name=\"twitter:card\" content=\"summary_large_image\" \/>\n<meta name=\"twitter:label1\" content=\"Dur\u00e9e de lecture estim\u00e9e\" \/>\n\t<meta name=\"twitter:data1\" content=\"1 minute\" \/>\n<script type=\"application\/ld+json\" class=\"yoast-schema-graph\">{\"@context\":\"https:\/\/schema.org\",\"@graph\":[{\"@type\":\"WebPage\",\"@id\":\"https:\/\/www.diocese-limoges.fr\/haute-vienne\/paroisses\/paroisse-saint-leonard-en-limousin\/servir-sengager\/au-service-de-mon-clocher\/fleurir-en-liturgie\/\",\"url\":\"https:\/\/www.diocese-limoges.fr\/haute-vienne\/paroisses\/paroisse-saint-leonard-en-limousin\/servir-sengager\/au-service-de-mon-clocher\/fleurir-en-liturgie\/\",\"name\":\"Fleurir en liturgie - Doyenn\u00e9s de Haute Vienne\",\"isPartOf\":{\"@id\":\"https:\/\/www.diocese-limoges.fr\/haute-vienne\/#website\"},\"datePublished\":\"2026-02-27T11:14:01+00:00\",\"dateModified\":\"2026-03-20T10:55:08+00:00\",\"breadcrumb\":{\"@id\":\"https:\/\/www.diocese-limoges.fr\/haute-vienne\/paroisses\/paroisse-saint-leonard-en-limousin\/servir-sengager\/au-service-de-mon-clocher\/fleurir-en-liturgie\/#breadcrumb\"},\"inLanguage\":\"fr-FR\",\"potentialAction\":[{\"@type\":\"ReadAction\",\"target\":[\"https:\/\/www.diocese-limoges.fr\/haute-vienne\/paroisses\/paroisse-saint-leonard-en-limousin\/servir-sengager\/au-service-de-mon-clocher\/fleurir-en-liturgie\/\"]}]},{\"@type\":\"BreadcrumbList\",\"@id\":\"https:\/\/www.diocese-limoges.fr\/haute-vienne\/paroisses\/paroisse-saint-leonard-en-limousin\/servir-sengager\/au-service-de-mon-clocher\/fleurir-en-liturgie\/#breadcrumb\",\"itemListElement\":[{\"@type\":\"ListItem\",\"position\":1,\"name\":\"Accueil\",\"item\":\"https:\/\/www.diocese-limoges.fr\/haute-vienne\/\"},{\"@type\":\"ListItem\",\"position\":2,\"name\":\"Paroisse Saint L\u00e9onard en Limousin\",\"item\":\"https:\/\/www.diocese-limoges.fr\/haute-vienne\/paroisses\/paroisse-saint-leonard-en-limousin\/\"},{\"@type\":\"ListItem\",\"position\":3,\"name\":\"Servir\/s&rsquo;engager\",\"item\":\"https:\/\/www.diocese-limoges.fr\/haute-vienne\/paroisses\/paroisse-saint-leonard-en-limousin\/servir-sengager\/\"},{\"@type\":\"ListItem\",\"position\":4,\"name\":\"Au service de mon clocher\",\"item\":\"https:\/\/www.diocese-limoges.fr\/haute-vienne\/paroisses\/paroisse-saint-leonard-en-limousin\/servir-sengager\/au-service-de-mon-clocher\/\"},{\"@type\":\"ListItem\",\"position\":5,\"name\":\"Fleurir en liturgie\"}]},{\"@type\":\"WebSite\",\"@id\":\"https:\/\/www.diocese-limoges.fr\/haute-vienne\/#website\",\"url\":\"https:\/\/www.diocese-limoges.fr\/haute-vienne\/\",\"name\":\"Doyenn\u00e9s de Haute Vienne\",\"description\":\"Dioc\u00e8se de Limoges\",\"potentialAction\":[{\"@type\":\"SearchAction\",\"target\":{\"@type\":\"EntryPoint\",\"urlTemplate\":\"https:\/\/www.diocese-limoges.fr\/haute-vienne\/?s={search_term_string}\"},\"query-input\":{\"@type\":\"PropertyValueSpecification\",\"valueRequired\":true,\"valueName\":\"search_term_string\"}}],\"inLanguage\":\"fr-FR\"}]}<\/script>\n<!-- \/ Yoast SEO plugin. -->","yoast_head_json":{"title":"Fleurir en liturgie - Doyenn\u00e9s de Haute Vienne","robots":{"index":"index","follow":"follow","max-snippet":"max-snippet:-1","max-image-preview":"max-image-preview:large","max-video-preview":"max-video-preview:-1"},"canonical":"https:\/\/www.diocese-limoges.fr\/haute-vienne\/paroisses\/paroisse-saint-leonard-en-limousin\/servir-sengager\/au-service-de-mon-clocher\/fleurir-en-liturgie\/","og_locale":"fr_FR","og_type":"article","og_title":"Fleurir en liturgie - Doyenn\u00e9s de Haute Vienne","og_description":"Lors des c\u00e9l\u00e9brations vous pouvez voir au pied de l&rsquo;autel, \u00e0 l&rsquo;ambon, \u00e0 l&rsquo;accueil, &#8230;, des compositions florales. Non la paroisse n&rsquo;a pas un fleuriste professionnel qui vient le samedi pour d\u00e9corer l&rsquo;\u00e9glise. Ceux sont des b\u00e9n\u00e9voles qui prennent du temps pour embellir nos \u00e9glises selon les textes, les f\u00eates et le temps de l&rsquo;ann\u00e9e. [&hellip;]","og_url":"https:\/\/www.diocese-limoges.fr\/haute-vienne\/paroisses\/paroisse-saint-leonard-en-limousin\/servir-sengager\/au-service-de-mon-clocher\/fleurir-en-liturgie\/","og_site_name":"Doyenn\u00e9s de Haute Vienne","article_modified_time":"2026-03-20T10:55:08+00:00","twitter_card":"summary_large_image","twitter_misc":{"Dur\u00e9e de lecture estim\u00e9e":"1 minute"},"schema":{"@context":"https:\/\/schema.org","@graph":[{"@type":"WebPage","@id":"https:\/\/www.diocese-limoges.fr\/haute-vienne\/paroisses\/paroisse-saint-leonard-en-limousin\/servir-sengager\/au-service-de-mon-clocher\/fleurir-en-liturgie\/","url":"https:\/\/www.diocese-limoges.fr\/haute-vienne\/paroisses\/paroisse-saint-leonard-en-limousin\/servir-sengager\/au-service-de-mon-clocher\/fleurir-en-liturgie\/","name":"Fleurir en liturgie - Doyenn\u00e9s de Haute Vienne","isPartOf":{"@id":"https:\/\/www.diocese-limoges.fr\/haute-vienne\/#website"},"datePublished":"2026-02-27T11:14:01+00:00","dateModified":"2026-03-20T10:55:08+00:00","breadcrumb":{"@id":"https:\/\/www.diocese-limoges.fr\/haute-vienne\/paroisses\/paroisse-saint-leonard-en-limousin\/servir-sengager\/au-service-de-mon-clocher\/fleurir-en-liturgie\/#breadcrumb"},"inLanguage":"fr-FR","potentialAction":[{"@type":"ReadAction","target":["https:\/\/www.diocese-limoges.fr\/haute-vienne\/paroisses\/paroisse-saint-leonard-en-limousin\/servir-sengager\/au-service-de-mon-clocher\/fleurir-en-liturgie\/"]}]},{"@type":"BreadcrumbList","@id":"https:\/\/www.diocese-limoges.fr\/haute-vienne\/paroisses\/paroisse-saint-leonard-en-limousin\/servir-sengager\/au-service-de-mon-clocher\/fleurir-en-liturgie\/#breadcrumb","itemListElement":[{"@type":"ListItem","position":1,"name":"Accueil","item":"https:\/\/www.diocese-limoges.fr\/haute-vienne\/"},{"@type":"ListItem","position":2,"name":"Paroisse Saint L\u00e9onard en Limousin","item":"https:\/\/www.diocese-limoges.fr\/haute-vienne\/paroisses\/paroisse-saint-leonard-en-limousin\/"},{"@type":"ListItem","position":3,"name":"Servir\/s&rsquo;engager","item":"https:\/\/www.diocese-limoges.fr\/haute-vienne\/paroisses\/paroisse-saint-leonard-en-limousin\/servir-sengager\/"},{"@type":"ListItem","position":4,"name":"Au service de mon clocher","item":"https:\/\/www.diocese-limoges.fr\/haute-vienne\/paroisses\/paroisse-saint-leonard-en-limousin\/servir-sengager\/au-service-de-mon-clocher\/"},{"@type":"ListItem","position":5,"name":"Fleurir en liturgie"}]},{"@type":"WebSite","@id":"https:\/\/www.diocese-limoges.fr\/haute-vienne\/#website","url":"https:\/\/www.diocese-limoges.fr\/haute-vienne\/","name":"Doyenn\u00e9s de Haute Vienne","description":"Dioc\u00e8se de Limoges","potentialAction":[{"@type":"SearchAction","target":{"@type":"EntryPoint","urlTemplate":"https:\/\/www.diocese-limoges.fr\/haute-vienne\/?s={search_term_string}"},"query-input":{"@type":"PropertyValueSpecification","valueRequired":true,"valueName":"search_term_string"}}],"inLanguage":"fr-FR"}]}},"_links":{"self":[{"href":"https:\/\/www.diocese-limoges.fr\/haute-vienne\/wp-json\/wp\/v2\/paroisse\/5513","targetHints":{"allow":["GET"]}}],"collection":[{"href":"https:\/\/www.diocese-limoges.fr\/haute-vienne\/wp-json\/wp\/v2\/paroisse"}],"about":[{"href":"https:\/\/www.diocese-limoges.fr\/haute-vienne\/wp-json\/wp\/v2\/types\/paroisse"}],"author":[{"embeddable":true,"href":"https:\/\/www.diocese-limoges.fr\/haute-vienne\/wp-json\/wp\/v2\/users\/24"}],"up":[{"embeddable":true,"href":"https:\/\/www.diocese-limoges.fr\/haute-vienne\/wp-json\/wp\/v2\/paroisse\/5483"}],"wp:attachment":[{"href":"https:\/\/www.diocese-limoges.fr\/haute-vienne\/wp-json\/wp\/v2\/media?parent=5513"}],"curies":[{"name":"wp","href":"https:\/\/api.w.org\/{rel}","templated":true}]}}