{"id":5525,"date":"2026-02-27T14:38:21","date_gmt":"2026-02-27T13:38:21","guid":{"rendered":"https:\/\/www.diocese-limoges.fr\/haute-vienne\/?post_type=paroisse&#038;p=5525"},"modified":"2026-03-20T11:57:19","modified_gmt":"2026-03-20T10:57:19","slug":"service-evangelique-des-malades-sem","status":"publish","type":"paroisse","link":"https:\/\/www.diocese-limoges.fr\/haute-vienne\/paroisses\/paroisse-saint-leonard-en-limousin\/servir-sengager\/pastorale-de-la-sante\/service-evangelique-des-malades-sem\/","title":{"rendered":"Service Evang\u00e9lique des Malades (SEM)"},"content":{"rendered":"\n<p class=\"has-text-align-center\"><strong>\u00ab\u00a0J&rsquo;\u00e9tais malade et vous m&rsquo;avez visit\u00e9\u00a0\u00bb Mt 25, 36.<\/strong><\/p>\n\n\n\n<p>Le Service Evang\u00e9lique des Malades (SEM) a pour vocation de visiter et accompagner les personnes malades ou \u00e2g\u00e9es qui sont \u00e0 leur domicile. Il est au service de toutes les personnes malades qui le d\u00e9sirent, quels que soient leur \u00e2ge, leur maladie ou leur handicap, leur foi. <br>Les membres des \u00e9quipes visitent et accompagnent les personnes malades pour leur apporter le r\u00e9confort d\u2019une pr\u00e9sence amicale, d\u2019une \u00e9coute bienveillante et si elles le souhaitent prier et apporter la communion. <\/p>\n\n\n\n<p>Actuellement, il n&rsquo;y a plus d&rsquo;\u00e9quipe sur la paroisse. Si vous souhaitez vous mettre au service des plus fragiles n&rsquo;h\u00e9sitez pas \u00e0 vous faire conna\u00eetre aupr\u00e8s du secr\u00e9tariat paroissial.<\/p>\n\n\n\n<p><mark class=\"has-inline-color has-luminous-vivid-orange-color\">Les vendredis de 10h \u00e0 12h30 et de 13h30 \u00e0 16h au 05 55 56 31 37 ou paroisse.stleonard.noblat@diocese-limoges.fr <\/mark><\/p>\n","protected":false},"author":24,"featured_media":5527,"parent":5523,"menu_order":2,"template":"","meta":{"_acf_changed":false},"class_list":["post-5525","paroisse","type-paroisse","status-publish","has-post-thumbnail","hentry"],"acf":[],"yoast_head":"<!-- This site is optimized with the Yoast SEO plugin v26.4 - https:\/\/yoast.com\/wordpress\/plugins\/seo\/ -->\n<title>Service Evang\u00e9lique des Malades (SEM) - Doyenn\u00e9s de Haute Vienne<\/title>\n<meta name=\"robots\" content=\"index, follow, max-snippet:-1, max-image-preview:large, max-video-preview:-1\" \/>\n<link rel=\"canonical\" href=\"https:\/\/www.diocese-limoges.fr\/haute-vienne\/paroisses\/paroisse-saint-leonard-en-limousin\/servir-sengager\/pastorale-de-la-sante\/service-evangelique-des-malades-sem\/\" \/>\n<meta property=\"og:locale\" content=\"fr_FR\" \/>\n<meta property=\"og:type\" content=\"article\" \/>\n<meta property=\"og:title\" content=\"Service Evang\u00e9lique des Malades (SEM) - Doyenn\u00e9s de Haute Vienne\" \/>\n<meta property=\"og:description\" content=\"\u00ab\u00a0J&rsquo;\u00e9tais malade et vous m&rsquo;avez visit\u00e9\u00a0\u00bb Mt 25, 36. Le Service Evang\u00e9lique des Malades (SEM) a pour vocation de visiter et accompagner les personnes malades ou \u00e2g\u00e9es qui sont \u00e0 leur domicile. Il est au service de toutes les personnes malades qui le d\u00e9sirent, quels que soient leur \u00e2ge, leur maladie ou leur handicap, leur [&hellip;]\" \/>\n<meta property=\"og:url\" content=\"https:\/\/www.diocese-limoges.fr\/haute-vienne\/paroisses\/paroisse-saint-leonard-en-limousin\/servir-sengager\/pastorale-de-la-sante\/service-evangelique-des-malades-sem\/\" \/>\n<meta property=\"og:site_name\" content=\"Doyenn\u00e9s de Haute Vienne\" \/>\n<meta property=\"article:modified_time\" content=\"2026-03-20T10:57:19+00:00\" \/>\n<meta property=\"og:image\" content=\"https:\/\/www.diocese-limoges.fr\/haute-vienne\/wp-content\/uploads\/sites\/4\/2026\/02\/img_20260227_144525.png\" \/>\n\t<meta property=\"og:image:width\" content=\"1157\" \/>\n\t<meta property=\"og:image:height\" content=\"522\" \/>\n\t<meta property=\"og:image:type\" content=\"image\/png\" \/>\n<meta name=\"twitter:card\" content=\"summary_large_image\" \/>\n<meta name=\"twitter:label1\" content=\"Dur\u00e9e de lecture estim\u00e9e\" \/>\n\t<meta name=\"twitter:data1\" content=\"1 minute\" \/>\n<script type=\"application\/ld+json\" class=\"yoast-schema-graph\">{\"@context\":\"https:\/\/schema.org\",\"@graph\":[{\"@type\":\"WebPage\",\"@id\":\"https:\/\/www.diocese-limoges.fr\/haute-vienne\/paroisses\/paroisse-saint-leonard-en-limousin\/servir-sengager\/pastorale-de-la-sante\/service-evangelique-des-malades-sem\/\",\"url\":\"https:\/\/www.diocese-limoges.fr\/haute-vienne\/paroisses\/paroisse-saint-leonard-en-limousin\/servir-sengager\/pastorale-de-la-sante\/service-evangelique-des-malades-sem\/\",\"name\":\"Service Evang\u00e9lique des Malades (SEM) - Doyenn\u00e9s de Haute Vienne\",\"isPartOf\":{\"@id\":\"https:\/\/www.diocese-limoges.fr\/haute-vienne\/#website\"},\"primaryImageOfPage\":{\"@id\":\"https:\/\/www.diocese-limoges.fr\/haute-vienne\/paroisses\/paroisse-saint-leonard-en-limousin\/servir-sengager\/pastorale-de-la-sante\/service-evangelique-des-malades-sem\/#primaryimage\"},\"image\":{\"@id\":\"https:\/\/www.diocese-limoges.fr\/haute-vienne\/paroisses\/paroisse-saint-leonard-en-limousin\/servir-sengager\/pastorale-de-la-sante\/service-evangelique-des-malades-sem\/#primaryimage\"},\"thumbnailUrl\":\"https:\/\/www.diocese-limoges.fr\/haute-vienne\/wp-content\/uploads\/sites\/4\/2026\/02\/img_20260227_144525.png\",\"datePublished\":\"2026-02-27T13:38:21+00:00\",\"dateModified\":\"2026-03-20T10:57:19+00:00\",\"breadcrumb\":{\"@id\":\"https:\/\/www.diocese-limoges.fr\/haute-vienne\/paroisses\/paroisse-saint-leonard-en-limousin\/servir-sengager\/pastorale-de-la-sante\/service-evangelique-des-malades-sem\/#breadcrumb\"},\"inLanguage\":\"fr-FR\",\"potentialAction\":[{\"@type\":\"ReadAction\",\"target\":[\"https:\/\/www.diocese-limoges.fr\/haute-vienne\/paroisses\/paroisse-saint-leonard-en-limousin\/servir-sengager\/pastorale-de-la-sante\/service-evangelique-des-malades-sem\/\"]}]},{\"@type\":\"ImageObject\",\"inLanguage\":\"fr-FR\",\"@id\":\"https:\/\/www.diocese-limoges.fr\/haute-vienne\/paroisses\/paroisse-saint-leonard-en-limousin\/servir-sengager\/pastorale-de-la-sante\/service-evangelique-des-malades-sem\/#primaryimage\",\"url\":\"https:\/\/www.diocese-limoges.fr\/haute-vienne\/wp-content\/uploads\/sites\/4\/2026\/02\/img_20260227_144525.png\",\"contentUrl\":\"https:\/\/www.diocese-limoges.fr\/haute-vienne\/wp-content\/uploads\/sites\/4\/2026\/02\/img_20260227_144525.png\",\"width\":1157,\"height\":522},{\"@type\":\"BreadcrumbList\",\"@id\":\"https:\/\/www.diocese-limoges.fr\/haute-vienne\/paroisses\/paroisse-saint-leonard-en-limousin\/servir-sengager\/pastorale-de-la-sante\/service-evangelique-des-malades-sem\/#breadcrumb\",\"itemListElement\":[{\"@type\":\"ListItem\",\"position\":1,\"name\":\"Accueil\",\"item\":\"https:\/\/www.diocese-limoges.fr\/haute-vienne\/\"},{\"@type\":\"ListItem\",\"position\":2,\"name\":\"Paroisse Saint L\u00e9onard en Limousin\",\"item\":\"https:\/\/www.diocese-limoges.fr\/haute-vienne\/paroisses\/paroisse-saint-leonard-en-limousin\/\"},{\"@type\":\"ListItem\",\"position\":3,\"name\":\"Servir\/s&rsquo;engager\",\"item\":\"https:\/\/www.diocese-limoges.fr\/haute-vienne\/paroisses\/paroisse-saint-leonard-en-limousin\/servir-sengager\/\"},{\"@type\":\"ListItem\",\"position\":4,\"name\":\"Pastorale de la Sant\u00e9\",\"item\":\"https:\/\/www.diocese-limoges.fr\/haute-vienne\/paroisses\/paroisse-saint-leonard-en-limousin\/servir-sengager\/pastorale-de-la-sante\/\"},{\"@type\":\"ListItem\",\"position\":5,\"name\":\"Service Evang\u00e9lique des Malades (SEM)\"}]},{\"@type\":\"WebSite\",\"@id\":\"https:\/\/www.diocese-limoges.fr\/haute-vienne\/#website\",\"url\":\"https:\/\/www.diocese-limoges.fr\/haute-vienne\/\",\"name\":\"Doyenn\u00e9s de Haute Vienne\",\"description\":\"Dioc\u00e8se de Limoges\",\"potentialAction\":[{\"@type\":\"SearchAction\",\"target\":{\"@type\":\"EntryPoint\",\"urlTemplate\":\"https:\/\/www.diocese-limoges.fr\/haute-vienne\/?s={search_term_string}\"},\"query-input\":{\"@type\":\"PropertyValueSpecification\",\"valueRequired\":true,\"valueName\":\"search_term_string\"}}],\"inLanguage\":\"fr-FR\"}]}<\/script>\n<!-- \/ Yoast SEO plugin. -->","yoast_head_json":{"title":"Service Evang\u00e9lique des Malades (SEM) - Doyenn\u00e9s de Haute Vienne","robots":{"index":"index","follow":"follow","max-snippet":"max-snippet:-1","max-image-preview":"max-image-preview:large","max-video-preview":"max-video-preview:-1"},"canonical":"https:\/\/www.diocese-limoges.fr\/haute-vienne\/paroisses\/paroisse-saint-leonard-en-limousin\/servir-sengager\/pastorale-de-la-sante\/service-evangelique-des-malades-sem\/","og_locale":"fr_FR","og_type":"article","og_title":"Service Evang\u00e9lique des Malades (SEM) - Doyenn\u00e9s de Haute Vienne","og_description":"\u00ab\u00a0J&rsquo;\u00e9tais malade et vous m&rsquo;avez visit\u00e9\u00a0\u00bb Mt 25, 36. Le Service Evang\u00e9lique des Malades (SEM) a pour vocation de visiter et accompagner les personnes malades ou \u00e2g\u00e9es qui sont \u00e0 leur domicile. Il est au service de toutes les personnes malades qui le d\u00e9sirent, quels que soient leur \u00e2ge, leur maladie ou leur handicap, leur [&hellip;]","og_url":"https:\/\/www.diocese-limoges.fr\/haute-vienne\/paroisses\/paroisse-saint-leonard-en-limousin\/servir-sengager\/pastorale-de-la-sante\/service-evangelique-des-malades-sem\/","og_site_name":"Doyenn\u00e9s de Haute Vienne","article_modified_time":"2026-03-20T10:57:19+00:00","og_image":[{"width":1157,"height":522,"url":"https:\/\/www.diocese-limoges.fr\/haute-vienne\/wp-content\/uploads\/sites\/4\/2026\/02\/img_20260227_144525.png","type":"image\/png"}],"twitter_card":"summary_large_image","twitter_misc":{"Dur\u00e9e de lecture estim\u00e9e":"1 minute"},"schema":{"@context":"https:\/\/schema.org","@graph":[{"@type":"WebPage","@id":"https:\/\/www.diocese-limoges.fr\/haute-vienne\/paroisses\/paroisse-saint-leonard-en-limousin\/servir-sengager\/pastorale-de-la-sante\/service-evangelique-des-malades-sem\/","url":"https:\/\/www.diocese-limoges.fr\/haute-vienne\/paroisses\/paroisse-saint-leonard-en-limousin\/servir-sengager\/pastorale-de-la-sante\/service-evangelique-des-malades-sem\/","name":"Service Evang\u00e9lique des Malades (SEM) - Doyenn\u00e9s de Haute Vienne","isPartOf":{"@id":"https:\/\/www.diocese-limoges.fr\/haute-vienne\/#website"},"primaryImageOfPage":{"@id":"https:\/\/www.diocese-limoges.fr\/haute-vienne\/paroisses\/paroisse-saint-leonard-en-limousin\/servir-sengager\/pastorale-de-la-sante\/service-evangelique-des-malades-sem\/#primaryimage"},"image":{"@id":"https:\/\/www.diocese-limoges.fr\/haute-vienne\/paroisses\/paroisse-saint-leonard-en-limousin\/servir-sengager\/pastorale-de-la-sante\/service-evangelique-des-malades-sem\/#primaryimage"},"thumbnailUrl":"https:\/\/www.diocese-limoges.fr\/haute-vienne\/wp-content\/uploads\/sites\/4\/2026\/02\/img_20260227_144525.png","datePublished":"2026-02-27T13:38:21+00:00","dateModified":"2026-03-20T10:57:19+00:00","breadcrumb":{"@id":"https:\/\/www.diocese-limoges.fr\/haute-vienne\/paroisses\/paroisse-saint-leonard-en-limousin\/servir-sengager\/pastorale-de-la-sante\/service-evangelique-des-malades-sem\/#breadcrumb"},"inLanguage":"fr-FR","potentialAction":[{"@type":"ReadAction","target":["https:\/\/www.diocese-limoges.fr\/haute-vienne\/paroisses\/paroisse-saint-leonard-en-limousin\/servir-sengager\/pastorale-de-la-sante\/service-evangelique-des-malades-sem\/"]}]},{"@type":"ImageObject","inLanguage":"fr-FR","@id":"https:\/\/www.diocese-limoges.fr\/haute-vienne\/paroisses\/paroisse-saint-leonard-en-limousin\/servir-sengager\/pastorale-de-la-sante\/service-evangelique-des-malades-sem\/#primaryimage","url":"https:\/\/www.diocese-limoges.fr\/haute-vienne\/wp-content\/uploads\/sites\/4\/2026\/02\/img_20260227_144525.png","contentUrl":"https:\/\/www.diocese-limoges.fr\/haute-vienne\/wp-content\/uploads\/sites\/4\/2026\/02\/img_20260227_144525.png","width":1157,"height":522},{"@type":"BreadcrumbList","@id":"https:\/\/www.diocese-limoges.fr\/haute-vienne\/paroisses\/paroisse-saint-leonard-en-limousin\/servir-sengager\/pastorale-de-la-sante\/service-evangelique-des-malades-sem\/#breadcrumb","itemListElement":[{"@type":"ListItem","position":1,"name":"Accueil","item":"https:\/\/www.diocese-limoges.fr\/haute-vienne\/"},{"@type":"ListItem","position":2,"name":"Paroisse Saint L\u00e9onard en Limousin","item":"https:\/\/www.diocese-limoges.fr\/haute-vienne\/paroisses\/paroisse-saint-leonard-en-limousin\/"},{"@type":"ListItem","position":3,"name":"Servir\/s&rsquo;engager","item":"https:\/\/www.diocese-limoges.fr\/haute-vienne\/paroisses\/paroisse-saint-leonard-en-limousin\/servir-sengager\/"},{"@type":"ListItem","position":4,"name":"Pastorale de la Sant\u00e9","item":"https:\/\/www.diocese-limoges.fr\/haute-vienne\/paroisses\/paroisse-saint-leonard-en-limousin\/servir-sengager\/pastorale-de-la-sante\/"},{"@type":"ListItem","position":5,"name":"Service Evang\u00e9lique des Malades (SEM)"}]},{"@type":"WebSite","@id":"https:\/\/www.diocese-limoges.fr\/haute-vienne\/#website","url":"https:\/\/www.diocese-limoges.fr\/haute-vienne\/","name":"Doyenn\u00e9s de Haute Vienne","description":"Dioc\u00e8se de Limoges","potentialAction":[{"@type":"SearchAction","target":{"@type":"EntryPoint","urlTemplate":"https:\/\/www.diocese-limoges.fr\/haute-vienne\/?s={search_term_string}"},"query-input":{"@type":"PropertyValueSpecification","valueRequired":true,"valueName":"search_term_string"}}],"inLanguage":"fr-FR"}]}},"_links":{"self":[{"href":"https:\/\/www.diocese-limoges.fr\/haute-vienne\/wp-json\/wp\/v2\/paroisse\/5525","targetHints":{"allow":["GET"]}}],"collection":[{"href":"https:\/\/www.diocese-limoges.fr\/haute-vienne\/wp-json\/wp\/v2\/paroisse"}],"about":[{"href":"https:\/\/www.diocese-limoges.fr\/haute-vienne\/wp-json\/wp\/v2\/types\/paroisse"}],"author":[{"embeddable":true,"href":"https:\/\/www.diocese-limoges.fr\/haute-vienne\/wp-json\/wp\/v2\/users\/24"}],"up":[{"embeddable":true,"href":"https:\/\/www.diocese-limoges.fr\/haute-vienne\/wp-json\/wp\/v2\/paroisse\/5523"}],"wp:featuredmedia":[{"embeddable":true,"href":"https:\/\/www.diocese-limoges.fr\/haute-vienne\/wp-json\/wp\/v2\/media\/5527"}],"wp:attachment":[{"href":"https:\/\/www.diocese-limoges.fr\/haute-vienne\/wp-json\/wp\/v2\/media?parent=5525"}],"curies":[{"name":"wp","href":"https:\/\/api.w.org\/{rel}","templated":true}]}}