{"id":5548,"date":"2026-03-06T14:39:40","date_gmt":"2026-03-06T13:39:40","guid":{"rendered":"https:\/\/www.diocese-limoges.fr\/haute-vienne\/?post_type=paroisse&#038;p=5548"},"modified":"2026-03-20T11:26:09","modified_gmt":"2026-03-20T10:26:09","slug":"les-communautes-fraternelles","status":"publish","type":"paroisse","link":"https:\/\/www.diocese-limoges.fr\/haute-vienne\/paroisses\/paroisse-saint-leonard-en-limousin\/la-paroisse\/les-communautes-fraternelles\/","title":{"rendered":"Les Communaut\u00e9s Fraternelles"},"content":{"rendered":"\n<p>Sur la paroisse Saint L\u00e9onard, depuis plusieurs ann\u00e9es existent des communaut\u00e9s fraternelles. <br>Elles sont six actuellement, souvent autour d\u2019un village ou de plusieurs villages : <br>&#8211; Bujaleuf, <br>&#8211; Saint-Denis-Des-Murs, <br>&#8211; Roy\u00e8res, <br>&#8211; Champn\u00e9tery, <br>&#8211; La Geneytouse et Eybouleuf, <br>&#8211; Sauviat, Moissannes et le Ch\u00e2tenet en Dognon.<\/p>\n\n\n\n<p>Des habitants (pas seulement des paroissiens) se retrouvent toutes les 6 \u00e0 8 semaines chez l\u2019un d\u2019eux ou dans une salle communale, pour cr\u00e9er de la fraternit\u00e9. Des nouvelles de la vie du village sont partag\u00e9es ainsi qu\u2019un th\u00e8me propos\u00e9 comme la transmission entre parents et enfants, l\u2019\u00e9ducation, l\u2019amiti\u00e9, Rome\u2026 Chacune de ces communaut\u00e9s est accompagn\u00e9e par un pr\u00eatre. L\u2019essentiel est la fraternit\u00e9, de cr\u00e9er des liens, des relations. Un temps convivial termine souvent ces rencontres ou un repas. <\/p>\n\n\n\n<figure class=\"wp-block-image size-large is-resized\"><img loading=\"lazy\" decoding=\"async\" width=\"1024\" height=\"768\" src=\"https:\/\/www.diocese-limoges.fr\/haute-vienne\/wp-content\/uploads\/sites\/4\/2026\/03\/la-geneytouse-2-1024x768.jpg\" alt=\"\" class=\"wp-image-5554\" style=\"width:300px\" srcset=\"https:\/\/www.diocese-limoges.fr\/haute-vienne\/wp-content\/uploads\/sites\/4\/2026\/03\/la-geneytouse-2-1024x768.jpg 1024w, https:\/\/www.diocese-limoges.fr\/haute-vienne\/wp-content\/uploads\/sites\/4\/2026\/03\/la-geneytouse-2-300x225.jpg 300w, https:\/\/www.diocese-limoges.fr\/haute-vienne\/wp-content\/uploads\/sites\/4\/2026\/03\/la-geneytouse-2-768x576.jpg 768w, https:\/\/www.diocese-limoges.fr\/haute-vienne\/wp-content\/uploads\/sites\/4\/2026\/03\/la-geneytouse-2-1536x1152.jpg 1536w, https:\/\/www.diocese-limoges.fr\/haute-vienne\/wp-content\/uploads\/sites\/4\/2026\/03\/la-geneytouse-2-2048x1536.jpg 2048w\" sizes=\"auto, (max-width: 1024px) 100vw, 1024px\" \/><\/figure>\n\n\n<div class=\"wp-block-image\">\n<figure class=\"aligncenter size-large is-resized\"><img loading=\"lazy\" decoding=\"async\" width=\"1024\" height=\"1024\" src=\"https:\/\/www.diocese-limoges.fr\/haute-vienne\/wp-content\/uploads\/sites\/4\/2026\/03\/champnetery-2-1024x1024.jpg\" alt=\"\" class=\"wp-image-5555\" style=\"width:300px\" srcset=\"https:\/\/www.diocese-limoges.fr\/haute-vienne\/wp-content\/uploads\/sites\/4\/2026\/03\/champnetery-2-1024x1024.jpg 1024w, https:\/\/www.diocese-limoges.fr\/haute-vienne\/wp-content\/uploads\/sites\/4\/2026\/03\/champnetery-2-300x300.jpg 300w, https:\/\/www.diocese-limoges.fr\/haute-vienne\/wp-content\/uploads\/sites\/4\/2026\/03\/champnetery-2-150x150.jpg 150w, https:\/\/www.diocese-limoges.fr\/haute-vienne\/wp-content\/uploads\/sites\/4\/2026\/03\/champnetery-2-768x768.jpg 768w, https:\/\/www.diocese-limoges.fr\/haute-vienne\/wp-content\/uploads\/sites\/4\/2026\/03\/champnetery-2-1536x1536.jpg 1536w, https:\/\/www.diocese-limoges.fr\/haute-vienne\/wp-content\/uploads\/sites\/4\/2026\/03\/champnetery-2-2048x2048.jpg 2048w\" sizes=\"auto, (max-width: 1024px) 100vw, 1024px\" \/><\/figure><\/div>","protected":false},"author":24,"featured_media":5552,"parent":5089,"menu_order":6,"template":"","meta":{"_acf_changed":false},"class_list":["post-5548","paroisse","type-paroisse","status-publish","has-post-thumbnail","hentry"],"acf":[],"yoast_head":"<!-- This site is optimized with the Yoast SEO plugin v26.4 - https:\/\/yoast.com\/wordpress\/plugins\/seo\/ -->\n<title>Les Communaut\u00e9s Fraternelles - Doyenn\u00e9s de Haute Vienne<\/title>\n<meta name=\"robots\" content=\"index, follow, max-snippet:-1, max-image-preview:large, max-video-preview:-1\" \/>\n<link rel=\"canonical\" href=\"https:\/\/www.diocese-limoges.fr\/haute-vienne\/paroisses\/paroisse-saint-leonard-en-limousin\/la-paroisse\/les-communautes-fraternelles\/\" \/>\n<meta property=\"og:locale\" content=\"fr_FR\" \/>\n<meta property=\"og:type\" content=\"article\" \/>\n<meta property=\"og:title\" content=\"Les Communaut\u00e9s Fraternelles - Doyenn\u00e9s de Haute Vienne\" \/>\n<meta property=\"og:description\" content=\"Sur la paroisse Saint L\u00e9onard, depuis plusieurs ann\u00e9es existent des communaut\u00e9s fraternelles. Elles sont six actuellement, souvent autour d\u2019un village ou de plusieurs villages : &#8211; Bujaleuf, &#8211; Saint-Denis-Des-Murs, &#8211; Roy\u00e8res, &#8211; Champn\u00e9tery, &#8211; La Geneytouse et Eybouleuf, &#8211; Sauviat, Moissannes et le Ch\u00e2tenet en Dognon. Des habitants (pas seulement des paroissiens) se retrouvent toutes [&hellip;]\" \/>\n<meta property=\"og:url\" content=\"https:\/\/www.diocese-limoges.fr\/haute-vienne\/paroisses\/paroisse-saint-leonard-en-limousin\/la-paroisse\/les-communautes-fraternelles\/\" \/>\n<meta property=\"og:site_name\" content=\"Doyenn\u00e9s de Haute Vienne\" \/>\n<meta property=\"article:modified_time\" content=\"2026-03-20T10:26:09+00:00\" \/>\n<meta property=\"og:image\" content=\"https:\/\/www.diocese-limoges.fr\/haute-vienne\/wp-content\/uploads\/sites\/4\/2026\/03\/la-geneytouse-3-scaled.jpg\" \/>\n\t<meta property=\"og:image:width\" content=\"2560\" \/>\n\t<meta property=\"og:image:height\" content=\"1920\" \/>\n\t<meta property=\"og:image:type\" content=\"image\/jpeg\" \/>\n<meta name=\"twitter:card\" content=\"summary_large_image\" \/>\n<meta name=\"twitter:label1\" content=\"Dur\u00e9e de lecture estim\u00e9e\" \/>\n\t<meta name=\"twitter:data1\" content=\"2 minutes\" \/>\n<script type=\"application\/ld+json\" class=\"yoast-schema-graph\">{\"@context\":\"https:\/\/schema.org\",\"@graph\":[{\"@type\":\"WebPage\",\"@id\":\"https:\/\/www.diocese-limoges.fr\/haute-vienne\/paroisses\/paroisse-saint-leonard-en-limousin\/la-paroisse\/les-communautes-fraternelles\/\",\"url\":\"https:\/\/www.diocese-limoges.fr\/haute-vienne\/paroisses\/paroisse-saint-leonard-en-limousin\/la-paroisse\/les-communautes-fraternelles\/\",\"name\":\"Les Communaut\u00e9s Fraternelles - Doyenn\u00e9s de Haute Vienne\",\"isPartOf\":{\"@id\":\"https:\/\/www.diocese-limoges.fr\/haute-vienne\/#website\"},\"primaryImageOfPage\":{\"@id\":\"https:\/\/www.diocese-limoges.fr\/haute-vienne\/paroisses\/paroisse-saint-leonard-en-limousin\/la-paroisse\/les-communautes-fraternelles\/#primaryimage\"},\"image\":{\"@id\":\"https:\/\/www.diocese-limoges.fr\/haute-vienne\/paroisses\/paroisse-saint-leonard-en-limousin\/la-paroisse\/les-communautes-fraternelles\/#primaryimage\"},\"thumbnailUrl\":\"https:\/\/www.diocese-limoges.fr\/haute-vienne\/wp-content\/uploads\/sites\/4\/2026\/03\/la-geneytouse-3-scaled.jpg\",\"datePublished\":\"2026-03-06T13:39:40+00:00\",\"dateModified\":\"2026-03-20T10:26:09+00:00\",\"breadcrumb\":{\"@id\":\"https:\/\/www.diocese-limoges.fr\/haute-vienne\/paroisses\/paroisse-saint-leonard-en-limousin\/la-paroisse\/les-communautes-fraternelles\/#breadcrumb\"},\"inLanguage\":\"fr-FR\",\"potentialAction\":[{\"@type\":\"ReadAction\",\"target\":[\"https:\/\/www.diocese-limoges.fr\/haute-vienne\/paroisses\/paroisse-saint-leonard-en-limousin\/la-paroisse\/les-communautes-fraternelles\/\"]}]},{\"@type\":\"ImageObject\",\"inLanguage\":\"fr-FR\",\"@id\":\"https:\/\/www.diocese-limoges.fr\/haute-vienne\/paroisses\/paroisse-saint-leonard-en-limousin\/la-paroisse\/les-communautes-fraternelles\/#primaryimage\",\"url\":\"https:\/\/www.diocese-limoges.fr\/haute-vienne\/wp-content\/uploads\/sites\/4\/2026\/03\/la-geneytouse-3-scaled.jpg\",\"contentUrl\":\"https:\/\/www.diocese-limoges.fr\/haute-vienne\/wp-content\/uploads\/sites\/4\/2026\/03\/la-geneytouse-3-scaled.jpg\",\"width\":2560,\"height\":1920},{\"@type\":\"BreadcrumbList\",\"@id\":\"https:\/\/www.diocese-limoges.fr\/haute-vienne\/paroisses\/paroisse-saint-leonard-en-limousin\/la-paroisse\/les-communautes-fraternelles\/#breadcrumb\",\"itemListElement\":[{\"@type\":\"ListItem\",\"position\":1,\"name\":\"Accueil\",\"item\":\"https:\/\/www.diocese-limoges.fr\/haute-vienne\/\"},{\"@type\":\"ListItem\",\"position\":2,\"name\":\"Paroisse Saint L\u00e9onard en Limousin\",\"item\":\"https:\/\/www.diocese-limoges.fr\/haute-vienne\/paroisses\/paroisse-saint-leonard-en-limousin\/\"},{\"@type\":\"ListItem\",\"position\":3,\"name\":\"Notre Paroisse\",\"item\":\"https:\/\/www.diocese-limoges.fr\/haute-vienne\/paroisses\/paroisse-saint-leonard-en-limousin\/la-paroisse\/\"},{\"@type\":\"ListItem\",\"position\":4,\"name\":\"Les Communaut\u00e9s Fraternelles\"}]},{\"@type\":\"WebSite\",\"@id\":\"https:\/\/www.diocese-limoges.fr\/haute-vienne\/#website\",\"url\":\"https:\/\/www.diocese-limoges.fr\/haute-vienne\/\",\"name\":\"Doyenn\u00e9s de Haute Vienne\",\"description\":\"Dioc\u00e8se de Limoges\",\"potentialAction\":[{\"@type\":\"SearchAction\",\"target\":{\"@type\":\"EntryPoint\",\"urlTemplate\":\"https:\/\/www.diocese-limoges.fr\/haute-vienne\/?s={search_term_string}\"},\"query-input\":{\"@type\":\"PropertyValueSpecification\",\"valueRequired\":true,\"valueName\":\"search_term_string\"}}],\"inLanguage\":\"fr-FR\"}]}<\/script>\n<!-- \/ Yoast SEO plugin. -->","yoast_head_json":{"title":"Les Communaut\u00e9s Fraternelles - Doyenn\u00e9s de Haute Vienne","robots":{"index":"index","follow":"follow","max-snippet":"max-snippet:-1","max-image-preview":"max-image-preview:large","max-video-preview":"max-video-preview:-1"},"canonical":"https:\/\/www.diocese-limoges.fr\/haute-vienne\/paroisses\/paroisse-saint-leonard-en-limousin\/la-paroisse\/les-communautes-fraternelles\/","og_locale":"fr_FR","og_type":"article","og_title":"Les Communaut\u00e9s Fraternelles - Doyenn\u00e9s de Haute Vienne","og_description":"Sur la paroisse Saint L\u00e9onard, depuis plusieurs ann\u00e9es existent des communaut\u00e9s fraternelles. Elles sont six actuellement, souvent autour d\u2019un village ou de plusieurs villages : &#8211; Bujaleuf, &#8211; Saint-Denis-Des-Murs, &#8211; Roy\u00e8res, &#8211; Champn\u00e9tery, &#8211; La Geneytouse et Eybouleuf, &#8211; Sauviat, Moissannes et le Ch\u00e2tenet en Dognon. Des habitants (pas seulement des paroissiens) se retrouvent toutes [&hellip;]","og_url":"https:\/\/www.diocese-limoges.fr\/haute-vienne\/paroisses\/paroisse-saint-leonard-en-limousin\/la-paroisse\/les-communautes-fraternelles\/","og_site_name":"Doyenn\u00e9s de Haute Vienne","article_modified_time":"2026-03-20T10:26:09+00:00","og_image":[{"width":2560,"height":1920,"url":"https:\/\/www.diocese-limoges.fr\/haute-vienne\/wp-content\/uploads\/sites\/4\/2026\/03\/la-geneytouse-3-scaled.jpg","type":"image\/jpeg"}],"twitter_card":"summary_large_image","twitter_misc":{"Dur\u00e9e de lecture estim\u00e9e":"2 minutes"},"schema":{"@context":"https:\/\/schema.org","@graph":[{"@type":"WebPage","@id":"https:\/\/www.diocese-limoges.fr\/haute-vienne\/paroisses\/paroisse-saint-leonard-en-limousin\/la-paroisse\/les-communautes-fraternelles\/","url":"https:\/\/www.diocese-limoges.fr\/haute-vienne\/paroisses\/paroisse-saint-leonard-en-limousin\/la-paroisse\/les-communautes-fraternelles\/","name":"Les Communaut\u00e9s Fraternelles - Doyenn\u00e9s de Haute Vienne","isPartOf":{"@id":"https:\/\/www.diocese-limoges.fr\/haute-vienne\/#website"},"primaryImageOfPage":{"@id":"https:\/\/www.diocese-limoges.fr\/haute-vienne\/paroisses\/paroisse-saint-leonard-en-limousin\/la-paroisse\/les-communautes-fraternelles\/#primaryimage"},"image":{"@id":"https:\/\/www.diocese-limoges.fr\/haute-vienne\/paroisses\/paroisse-saint-leonard-en-limousin\/la-paroisse\/les-communautes-fraternelles\/#primaryimage"},"thumbnailUrl":"https:\/\/www.diocese-limoges.fr\/haute-vienne\/wp-content\/uploads\/sites\/4\/2026\/03\/la-geneytouse-3-scaled.jpg","datePublished":"2026-03-06T13:39:40+00:00","dateModified":"2026-03-20T10:26:09+00:00","breadcrumb":{"@id":"https:\/\/www.diocese-limoges.fr\/haute-vienne\/paroisses\/paroisse-saint-leonard-en-limousin\/la-paroisse\/les-communautes-fraternelles\/#breadcrumb"},"inLanguage":"fr-FR","potentialAction":[{"@type":"ReadAction","target":["https:\/\/www.diocese-limoges.fr\/haute-vienne\/paroisses\/paroisse-saint-leonard-en-limousin\/la-paroisse\/les-communautes-fraternelles\/"]}]},{"@type":"ImageObject","inLanguage":"fr-FR","@id":"https:\/\/www.diocese-limoges.fr\/haute-vienne\/paroisses\/paroisse-saint-leonard-en-limousin\/la-paroisse\/les-communautes-fraternelles\/#primaryimage","url":"https:\/\/www.diocese-limoges.fr\/haute-vienne\/wp-content\/uploads\/sites\/4\/2026\/03\/la-geneytouse-3-scaled.jpg","contentUrl":"https:\/\/www.diocese-limoges.fr\/haute-vienne\/wp-content\/uploads\/sites\/4\/2026\/03\/la-geneytouse-3-scaled.jpg","width":2560,"height":1920},{"@type":"BreadcrumbList","@id":"https:\/\/www.diocese-limoges.fr\/haute-vienne\/paroisses\/paroisse-saint-leonard-en-limousin\/la-paroisse\/les-communautes-fraternelles\/#breadcrumb","itemListElement":[{"@type":"ListItem","position":1,"name":"Accueil","item":"https:\/\/www.diocese-limoges.fr\/haute-vienne\/"},{"@type":"ListItem","position":2,"name":"Paroisse Saint L\u00e9onard en Limousin","item":"https:\/\/www.diocese-limoges.fr\/haute-vienne\/paroisses\/paroisse-saint-leonard-en-limousin\/"},{"@type":"ListItem","position":3,"name":"Notre Paroisse","item":"https:\/\/www.diocese-limoges.fr\/haute-vienne\/paroisses\/paroisse-saint-leonard-en-limousin\/la-paroisse\/"},{"@type":"ListItem","position":4,"name":"Les Communaut\u00e9s Fraternelles"}]},{"@type":"WebSite","@id":"https:\/\/www.diocese-limoges.fr\/haute-vienne\/#website","url":"https:\/\/www.diocese-limoges.fr\/haute-vienne\/","name":"Doyenn\u00e9s de Haute Vienne","description":"Dioc\u00e8se de Limoges","potentialAction":[{"@type":"SearchAction","target":{"@type":"EntryPoint","urlTemplate":"https:\/\/www.diocese-limoges.fr\/haute-vienne\/?s={search_term_string}"},"query-input":{"@type":"PropertyValueSpecification","valueRequired":true,"valueName":"search_term_string"}}],"inLanguage":"fr-FR"}]}},"_links":{"self":[{"href":"https:\/\/www.diocese-limoges.fr\/haute-vienne\/wp-json\/wp\/v2\/paroisse\/5548","targetHints":{"allow":["GET"]}}],"collection":[{"href":"https:\/\/www.diocese-limoges.fr\/haute-vienne\/wp-json\/wp\/v2\/paroisse"}],"about":[{"href":"https:\/\/www.diocese-limoges.fr\/haute-vienne\/wp-json\/wp\/v2\/types\/paroisse"}],"author":[{"embeddable":true,"href":"https:\/\/www.diocese-limoges.fr\/haute-vienne\/wp-json\/wp\/v2\/users\/24"}],"up":[{"embeddable":true,"href":"https:\/\/www.diocese-limoges.fr\/haute-vienne\/wp-json\/wp\/v2\/paroisse\/5089"}],"wp:featuredmedia":[{"embeddable":true,"href":"https:\/\/www.diocese-limoges.fr\/haute-vienne\/wp-json\/wp\/v2\/media\/5552"}],"wp:attachment":[{"href":"https:\/\/www.diocese-limoges.fr\/haute-vienne\/wp-json\/wp\/v2\/media?parent=5548"}],"curies":[{"name":"wp","href":"https:\/\/api.w.org\/{rel}","templated":true}]}}