{"id":5578,"date":"2026-03-20T10:19:40","date_gmt":"2026-03-20T09:19:40","guid":{"rendered":"https:\/\/www.diocese-limoges.fr\/haute-vienne\/?post_type=paroisse&#038;p=5578"},"modified":"2026-03-20T11:57:49","modified_gmt":"2026-03-20T10:57:49","slug":"aumonerie-des-hopitaux-et-ehpad","status":"publish","type":"paroisse","link":"https:\/\/www.diocese-limoges.fr\/haute-vienne\/paroisses\/paroisse-saint-leonard-en-limousin\/servir-sengager\/pastorale-de-la-sante\/aumonerie-des-hopitaux-et-ehpad\/","title":{"rendered":"Aum\u00f4nerie des h\u00f4pitaux et EHPAD"},"content":{"rendered":"\n<p>L&rsquo;aum\u00f4nerie de l&rsquo;h\u00f4pital est une mission re\u00e7ue de l&rsquo;Eglise pour le service des malades hospitalis\u00e9s, les personnes handicap\u00e9es, les personnes \u00e2g\u00e9es des maisons de retraite.<br>Elle se vit en lien avec le pr\u00eatre de la paroisse. L&rsquo;aum\u00f4nerie est assur\u00e9e par une \u00e9quipe qui effectue des visites r\u00e9guli\u00e8res.<\/p>\n\n\n\n<p>Tous les mois une messe est c\u00e9l\u00e9br\u00e9e dans 3 \u00e9tablissements dans le secteur de notre paroisse : <\/p>\n\n\n\n<ul class=\"wp-block-list\">\n<li>H\u00f4pital de Saint-L\u00e9onard-de-Noblat <\/li>\n\n\n\n<li>EHPAD de Bujaleuf <\/li>\n\n\n\n<li>Foyer-logement de Sauviat-sur-Vige <\/li>\n<\/ul>\n\n\n\n<p>Responsable : <mark class=\"has-inline-color has-vivid-cyan-blue-color\">Marie-Th\u00e9r\u00e8se KERGROACH&rsquo;\u00a0 05 55 56 06 03<\/mark><\/p>\n\n\n\n<figure class=\"wp-block-image size-full is-resized\"><img loading=\"lazy\" decoding=\"async\" width=\"687\" height=\"427\" src=\"https:\/\/www.diocese-limoges.fr\/haute-vienne\/wp-content\/uploads\/sites\/4\/2026\/03\/image.png\" alt=\"\" class=\"wp-image-5579\" style=\"width:350px\" srcset=\"https:\/\/www.diocese-limoges.fr\/haute-vienne\/wp-content\/uploads\/sites\/4\/2026\/03\/image.png 687w, https:\/\/www.diocese-limoges.fr\/haute-vienne\/wp-content\/uploads\/sites\/4\/2026\/03\/image-300x186.png 300w\" sizes=\"auto, (max-width: 687px) 100vw, 687px\" \/><\/figure>\n\n\n\n<p>     <\/p>\n\n\n\n<figure class=\"wp-block-image size-full is-resized\"><img loading=\"lazy\" decoding=\"async\" width=\"742\" height=\"462\" src=\"https:\/\/www.diocese-limoges.fr\/haute-vienne\/wp-content\/uploads\/sites\/4\/2026\/03\/image-1.png\" alt=\"\" class=\"wp-image-5580\" style=\"width:400px\" srcset=\"https:\/\/www.diocese-limoges.fr\/haute-vienne\/wp-content\/uploads\/sites\/4\/2026\/03\/image-1.png 742w, https:\/\/www.diocese-limoges.fr\/haute-vienne\/wp-content\/uploads\/sites\/4\/2026\/03\/image-1-300x187.png 300w\" sizes=\"auto, (max-width: 742px) 100vw, 742px\" \/><\/figure>\n","protected":false},"author":24,"featured_media":5582,"parent":5523,"menu_order":3,"template":"","meta":{"_acf_changed":false},"class_list":["post-5578","paroisse","type-paroisse","status-publish","has-post-thumbnail","hentry"],"acf":[],"yoast_head":"<!-- This site is optimized with the Yoast SEO plugin v26.4 - https:\/\/yoast.com\/wordpress\/plugins\/seo\/ -->\n<title>Aum\u00f4nerie des h\u00f4pitaux et EHPAD - Doyenn\u00e9s de Haute Vienne<\/title>\n<meta name=\"robots\" content=\"index, follow, max-snippet:-1, max-image-preview:large, max-video-preview:-1\" \/>\n<link rel=\"canonical\" href=\"https:\/\/www.diocese-limoges.fr\/haute-vienne\/paroisses\/paroisse-saint-leonard-en-limousin\/servir-sengager\/pastorale-de-la-sante\/aumonerie-des-hopitaux-et-ehpad\/\" \/>\n<meta property=\"og:locale\" content=\"fr_FR\" \/>\n<meta property=\"og:type\" content=\"article\" \/>\n<meta property=\"og:title\" content=\"Aum\u00f4nerie des h\u00f4pitaux et EHPAD - Doyenn\u00e9s de Haute Vienne\" \/>\n<meta property=\"og:description\" content=\"L&rsquo;aum\u00f4nerie de l&rsquo;h\u00f4pital est une mission re\u00e7ue de l&rsquo;Eglise pour le service des malades hospitalis\u00e9s, les personnes handicap\u00e9es, les personnes \u00e2g\u00e9es des maisons de retraite.Elle se vit en lien avec le pr\u00eatre de la paroisse. L&rsquo;aum\u00f4nerie est assur\u00e9e par une \u00e9quipe qui effectue des visites r\u00e9guli\u00e8res. Tous les mois une messe est c\u00e9l\u00e9br\u00e9e dans 3 [&hellip;]\" \/>\n<meta property=\"og:url\" content=\"https:\/\/www.diocese-limoges.fr\/haute-vienne\/paroisses\/paroisse-saint-leonard-en-limousin\/servir-sengager\/pastorale-de-la-sante\/aumonerie-des-hopitaux-et-ehpad\/\" \/>\n<meta property=\"og:site_name\" content=\"Doyenn\u00e9s de Haute Vienne\" \/>\n<meta property=\"article:modified_time\" content=\"2026-03-20T10:57:49+00:00\" \/>\n<meta property=\"og:image\" content=\"https:\/\/www.diocese-limoges.fr\/haute-vienne\/wp-content\/uploads\/sites\/4\/2026\/03\/bandeau-aumonerie-des-hopitaux.jpg\" \/>\n\t<meta property=\"og:image:width\" content=\"957\" \/>\n\t<meta property=\"og:image:height\" content=\"282\" \/>\n\t<meta property=\"og:image:type\" content=\"image\/jpeg\" \/>\n<meta name=\"twitter:card\" content=\"summary_large_image\" \/>\n<meta name=\"twitter:label1\" content=\"Dur\u00e9e de lecture estim\u00e9e\" \/>\n\t<meta name=\"twitter:data1\" content=\"2 minutes\" \/>\n<script type=\"application\/ld+json\" class=\"yoast-schema-graph\">{\"@context\":\"https:\/\/schema.org\",\"@graph\":[{\"@type\":\"WebPage\",\"@id\":\"https:\/\/www.diocese-limoges.fr\/haute-vienne\/paroisses\/paroisse-saint-leonard-en-limousin\/servir-sengager\/pastorale-de-la-sante\/aumonerie-des-hopitaux-et-ehpad\/\",\"url\":\"https:\/\/www.diocese-limoges.fr\/haute-vienne\/paroisses\/paroisse-saint-leonard-en-limousin\/servir-sengager\/pastorale-de-la-sante\/aumonerie-des-hopitaux-et-ehpad\/\",\"name\":\"Aum\u00f4nerie des h\u00f4pitaux et EHPAD - Doyenn\u00e9s de Haute Vienne\",\"isPartOf\":{\"@id\":\"https:\/\/www.diocese-limoges.fr\/haute-vienne\/#website\"},\"primaryImageOfPage\":{\"@id\":\"https:\/\/www.diocese-limoges.fr\/haute-vienne\/paroisses\/paroisse-saint-leonard-en-limousin\/servir-sengager\/pastorale-de-la-sante\/aumonerie-des-hopitaux-et-ehpad\/#primaryimage\"},\"image\":{\"@id\":\"https:\/\/www.diocese-limoges.fr\/haute-vienne\/paroisses\/paroisse-saint-leonard-en-limousin\/servir-sengager\/pastorale-de-la-sante\/aumonerie-des-hopitaux-et-ehpad\/#primaryimage\"},\"thumbnailUrl\":\"https:\/\/www.diocese-limoges.fr\/haute-vienne\/wp-content\/uploads\/sites\/4\/2026\/03\/bandeau-aumonerie-des-hopitaux.jpg\",\"datePublished\":\"2026-03-20T09:19:40+00:00\",\"dateModified\":\"2026-03-20T10:57:49+00:00\",\"breadcrumb\":{\"@id\":\"https:\/\/www.diocese-limoges.fr\/haute-vienne\/paroisses\/paroisse-saint-leonard-en-limousin\/servir-sengager\/pastorale-de-la-sante\/aumonerie-des-hopitaux-et-ehpad\/#breadcrumb\"},\"inLanguage\":\"fr-FR\",\"potentialAction\":[{\"@type\":\"ReadAction\",\"target\":[\"https:\/\/www.diocese-limoges.fr\/haute-vienne\/paroisses\/paroisse-saint-leonard-en-limousin\/servir-sengager\/pastorale-de-la-sante\/aumonerie-des-hopitaux-et-ehpad\/\"]}]},{\"@type\":\"ImageObject\",\"inLanguage\":\"fr-FR\",\"@id\":\"https:\/\/www.diocese-limoges.fr\/haute-vienne\/paroisses\/paroisse-saint-leonard-en-limousin\/servir-sengager\/pastorale-de-la-sante\/aumonerie-des-hopitaux-et-ehpad\/#primaryimage\",\"url\":\"https:\/\/www.diocese-limoges.fr\/haute-vienne\/wp-content\/uploads\/sites\/4\/2026\/03\/bandeau-aumonerie-des-hopitaux.jpg\",\"contentUrl\":\"https:\/\/www.diocese-limoges.fr\/haute-vienne\/wp-content\/uploads\/sites\/4\/2026\/03\/bandeau-aumonerie-des-hopitaux.jpg\",\"width\":957,\"height\":282},{\"@type\":\"BreadcrumbList\",\"@id\":\"https:\/\/www.diocese-limoges.fr\/haute-vienne\/paroisses\/paroisse-saint-leonard-en-limousin\/servir-sengager\/pastorale-de-la-sante\/aumonerie-des-hopitaux-et-ehpad\/#breadcrumb\",\"itemListElement\":[{\"@type\":\"ListItem\",\"position\":1,\"name\":\"Accueil\",\"item\":\"https:\/\/www.diocese-limoges.fr\/haute-vienne\/\"},{\"@type\":\"ListItem\",\"position\":2,\"name\":\"Paroisse Saint L\u00e9onard en Limousin\",\"item\":\"https:\/\/www.diocese-limoges.fr\/haute-vienne\/paroisses\/paroisse-saint-leonard-en-limousin\/\"},{\"@type\":\"ListItem\",\"position\":3,\"name\":\"Servir\/s&rsquo;engager\",\"item\":\"https:\/\/www.diocese-limoges.fr\/haute-vienne\/paroisses\/paroisse-saint-leonard-en-limousin\/servir-sengager\/\"},{\"@type\":\"ListItem\",\"position\":4,\"name\":\"Pastorale de la Sant\u00e9\",\"item\":\"https:\/\/www.diocese-limoges.fr\/haute-vienne\/paroisses\/paroisse-saint-leonard-en-limousin\/servir-sengager\/pastorale-de-la-sante\/\"},{\"@type\":\"ListItem\",\"position\":5,\"name\":\"Aum\u00f4nerie des h\u00f4pitaux et EHPAD\"}]},{\"@type\":\"WebSite\",\"@id\":\"https:\/\/www.diocese-limoges.fr\/haute-vienne\/#website\",\"url\":\"https:\/\/www.diocese-limoges.fr\/haute-vienne\/\",\"name\":\"Doyenn\u00e9s de Haute Vienne\",\"description\":\"Dioc\u00e8se de Limoges\",\"potentialAction\":[{\"@type\":\"SearchAction\",\"target\":{\"@type\":\"EntryPoint\",\"urlTemplate\":\"https:\/\/www.diocese-limoges.fr\/haute-vienne\/?s={search_term_string}\"},\"query-input\":{\"@type\":\"PropertyValueSpecification\",\"valueRequired\":true,\"valueName\":\"search_term_string\"}}],\"inLanguage\":\"fr-FR\"}]}<\/script>\n<!-- \/ Yoast SEO plugin. -->","yoast_head_json":{"title":"Aum\u00f4nerie des h\u00f4pitaux et EHPAD - Doyenn\u00e9s de Haute Vienne","robots":{"index":"index","follow":"follow","max-snippet":"max-snippet:-1","max-image-preview":"max-image-preview:large","max-video-preview":"max-video-preview:-1"},"canonical":"https:\/\/www.diocese-limoges.fr\/haute-vienne\/paroisses\/paroisse-saint-leonard-en-limousin\/servir-sengager\/pastorale-de-la-sante\/aumonerie-des-hopitaux-et-ehpad\/","og_locale":"fr_FR","og_type":"article","og_title":"Aum\u00f4nerie des h\u00f4pitaux et EHPAD - Doyenn\u00e9s de Haute Vienne","og_description":"L&rsquo;aum\u00f4nerie de l&rsquo;h\u00f4pital est une mission re\u00e7ue de l&rsquo;Eglise pour le service des malades hospitalis\u00e9s, les personnes handicap\u00e9es, les personnes \u00e2g\u00e9es des maisons de retraite.Elle se vit en lien avec le pr\u00eatre de la paroisse. L&rsquo;aum\u00f4nerie est assur\u00e9e par une \u00e9quipe qui effectue des visites r\u00e9guli\u00e8res. Tous les mois une messe est c\u00e9l\u00e9br\u00e9e dans 3 [&hellip;]","og_url":"https:\/\/www.diocese-limoges.fr\/haute-vienne\/paroisses\/paroisse-saint-leonard-en-limousin\/servir-sengager\/pastorale-de-la-sante\/aumonerie-des-hopitaux-et-ehpad\/","og_site_name":"Doyenn\u00e9s de Haute Vienne","article_modified_time":"2026-03-20T10:57:49+00:00","og_image":[{"width":957,"height":282,"url":"https:\/\/www.diocese-limoges.fr\/haute-vienne\/wp-content\/uploads\/sites\/4\/2026\/03\/bandeau-aumonerie-des-hopitaux.jpg","type":"image\/jpeg"}],"twitter_card":"summary_large_image","twitter_misc":{"Dur\u00e9e de lecture estim\u00e9e":"2 minutes"},"schema":{"@context":"https:\/\/schema.org","@graph":[{"@type":"WebPage","@id":"https:\/\/www.diocese-limoges.fr\/haute-vienne\/paroisses\/paroisse-saint-leonard-en-limousin\/servir-sengager\/pastorale-de-la-sante\/aumonerie-des-hopitaux-et-ehpad\/","url":"https:\/\/www.diocese-limoges.fr\/haute-vienne\/paroisses\/paroisse-saint-leonard-en-limousin\/servir-sengager\/pastorale-de-la-sante\/aumonerie-des-hopitaux-et-ehpad\/","name":"Aum\u00f4nerie des h\u00f4pitaux et EHPAD - Doyenn\u00e9s de Haute Vienne","isPartOf":{"@id":"https:\/\/www.diocese-limoges.fr\/haute-vienne\/#website"},"primaryImageOfPage":{"@id":"https:\/\/www.diocese-limoges.fr\/haute-vienne\/paroisses\/paroisse-saint-leonard-en-limousin\/servir-sengager\/pastorale-de-la-sante\/aumonerie-des-hopitaux-et-ehpad\/#primaryimage"},"image":{"@id":"https:\/\/www.diocese-limoges.fr\/haute-vienne\/paroisses\/paroisse-saint-leonard-en-limousin\/servir-sengager\/pastorale-de-la-sante\/aumonerie-des-hopitaux-et-ehpad\/#primaryimage"},"thumbnailUrl":"https:\/\/www.diocese-limoges.fr\/haute-vienne\/wp-content\/uploads\/sites\/4\/2026\/03\/bandeau-aumonerie-des-hopitaux.jpg","datePublished":"2026-03-20T09:19:40+00:00","dateModified":"2026-03-20T10:57:49+00:00","breadcrumb":{"@id":"https:\/\/www.diocese-limoges.fr\/haute-vienne\/paroisses\/paroisse-saint-leonard-en-limousin\/servir-sengager\/pastorale-de-la-sante\/aumonerie-des-hopitaux-et-ehpad\/#breadcrumb"},"inLanguage":"fr-FR","potentialAction":[{"@type":"ReadAction","target":["https:\/\/www.diocese-limoges.fr\/haute-vienne\/paroisses\/paroisse-saint-leonard-en-limousin\/servir-sengager\/pastorale-de-la-sante\/aumonerie-des-hopitaux-et-ehpad\/"]}]},{"@type":"ImageObject","inLanguage":"fr-FR","@id":"https:\/\/www.diocese-limoges.fr\/haute-vienne\/paroisses\/paroisse-saint-leonard-en-limousin\/servir-sengager\/pastorale-de-la-sante\/aumonerie-des-hopitaux-et-ehpad\/#primaryimage","url":"https:\/\/www.diocese-limoges.fr\/haute-vienne\/wp-content\/uploads\/sites\/4\/2026\/03\/bandeau-aumonerie-des-hopitaux.jpg","contentUrl":"https:\/\/www.diocese-limoges.fr\/haute-vienne\/wp-content\/uploads\/sites\/4\/2026\/03\/bandeau-aumonerie-des-hopitaux.jpg","width":957,"height":282},{"@type":"BreadcrumbList","@id":"https:\/\/www.diocese-limoges.fr\/haute-vienne\/paroisses\/paroisse-saint-leonard-en-limousin\/servir-sengager\/pastorale-de-la-sante\/aumonerie-des-hopitaux-et-ehpad\/#breadcrumb","itemListElement":[{"@type":"ListItem","position":1,"name":"Accueil","item":"https:\/\/www.diocese-limoges.fr\/haute-vienne\/"},{"@type":"ListItem","position":2,"name":"Paroisse Saint L\u00e9onard en Limousin","item":"https:\/\/www.diocese-limoges.fr\/haute-vienne\/paroisses\/paroisse-saint-leonard-en-limousin\/"},{"@type":"ListItem","position":3,"name":"Servir\/s&rsquo;engager","item":"https:\/\/www.diocese-limoges.fr\/haute-vienne\/paroisses\/paroisse-saint-leonard-en-limousin\/servir-sengager\/"},{"@type":"ListItem","position":4,"name":"Pastorale de la Sant\u00e9","item":"https:\/\/www.diocese-limoges.fr\/haute-vienne\/paroisses\/paroisse-saint-leonard-en-limousin\/servir-sengager\/pastorale-de-la-sante\/"},{"@type":"ListItem","position":5,"name":"Aum\u00f4nerie des h\u00f4pitaux et EHPAD"}]},{"@type":"WebSite","@id":"https:\/\/www.diocese-limoges.fr\/haute-vienne\/#website","url":"https:\/\/www.diocese-limoges.fr\/haute-vienne\/","name":"Doyenn\u00e9s de Haute Vienne","description":"Dioc\u00e8se de Limoges","potentialAction":[{"@type":"SearchAction","target":{"@type":"EntryPoint","urlTemplate":"https:\/\/www.diocese-limoges.fr\/haute-vienne\/?s={search_term_string}"},"query-input":{"@type":"PropertyValueSpecification","valueRequired":true,"valueName":"search_term_string"}}],"inLanguage":"fr-FR"}]}},"_links":{"self":[{"href":"https:\/\/www.diocese-limoges.fr\/haute-vienne\/wp-json\/wp\/v2\/paroisse\/5578","targetHints":{"allow":["GET"]}}],"collection":[{"href":"https:\/\/www.diocese-limoges.fr\/haute-vienne\/wp-json\/wp\/v2\/paroisse"}],"about":[{"href":"https:\/\/www.diocese-limoges.fr\/haute-vienne\/wp-json\/wp\/v2\/types\/paroisse"}],"author":[{"embeddable":true,"href":"https:\/\/www.diocese-limoges.fr\/haute-vienne\/wp-json\/wp\/v2\/users\/24"}],"up":[{"embeddable":true,"href":"https:\/\/www.diocese-limoges.fr\/haute-vienne\/wp-json\/wp\/v2\/paroisse\/5523"}],"wp:featuredmedia":[{"embeddable":true,"href":"https:\/\/www.diocese-limoges.fr\/haute-vienne\/wp-json\/wp\/v2\/media\/5582"}],"wp:attachment":[{"href":"https:\/\/www.diocese-limoges.fr\/haute-vienne\/wp-json\/wp\/v2\/media?parent=5578"}],"curies":[{"name":"wp","href":"https:\/\/api.w.org\/{rel}","templated":true}]}}