{"id":593,"date":"2020-11-29T21:11:14","date_gmt":"2020-11-29T20:11:14","guid":{"rendered":"https:\/\/www.diocese-limoges.fr\/haute-vienne\/?post_type=paroisse&#038;p=593"},"modified":"2020-11-29T21:11:14","modified_gmt":"2020-11-29T20:11:14","slug":"les-petits-mes-freres","status":"publish","type":"paroisse","link":"https:\/\/www.diocese-limoges.fr\/haute-vienne\/paroisses\/paroisse-saint-aurelien\/le-coin-du-kt\/les-petits-mes-freres\/","title":{"rendered":"Les petits : mes fr\u00e8res !"},"content":{"rendered":"\n<p>Ce dimanche, 22 novembre, est le dernier dimanche de l&rsquo;ann\u00e9e liturgique. C&rsquo;est la f\u00eate du Christ, Roi de l&rsquo;Univers. J\u00e9sus est est roi mais ce n&rsquo;est pas un roi comme les autres. Sa royaut\u00e9 est celle de l&rsquo;Amour. Et J\u00e9sus nous invite \u00e0 aimer \u00e0 notre tour. Aimer Dieu et aimer les autres. Mais comment aimer Dieu alors que nous ne le voyons pas ? Dans l&rsquo;\u00e9vangile de Matthieu, au chapitre 25, J\u00e9sus nous donne une r\u00e9ponse : ce que vous faites \u00e0 ces petits qui sont les mains, c&rsquo;est \u00e0 moi que le vous faites. Je t&rsquo;invite \u00e0 d\u00e9couvrir ce texte en cliquant sur le lien ci-dessous. Regarde aussi ce que dit Oscar sur \u00ab\u00a0la fin des temps\u00a0\u00bb<\/p>\n\n\n\n<p><a href=\"https:\/\/www.theobule.org\/video\/les-petits-mes-freres\/48\" target=\"_blank\" rel=\"noreferrer noopener\">https:\/\/www.theobule.org\/video\/les-petits-mes-freres\/48<\/a><\/p>\n\n\n\n<p>Maintenant que tu as compris que c&rsquo;est en aimant les autres que nous aimons Dieu d\u00e9couvre cette belle pri\u00e8re. Il faut que tu remettes les mots qui manquent \u00e0 la bonne place. La liste des mots est sous le texte. Tu peux imprimer le texte et d\u00e9couper les petites \u00e9tiques.<\/p>\n\n\n\n<div class=\"wp-block-file\"><a href=\"https:\/\/www.diocese-limoges.fr\/haute-vienne\/wp-content\/uploads\/sites\/4\/2020\/11\/christ-na-pas-de-mains-trous.pdf\">Christ n&rsquo;a pas de mains (trous)<\/a><a href=\"https:\/\/www.diocese-limoges.fr\/haute-vienne\/wp-content\/uploads\/sites\/4\/2020\/11\/christ-na-pas-de-mains-trous.pdf\" class=\"wp-block-file__button\" download>T\u00e9l\u00e9charger<\/a><\/div>\n\n\n\n<p>Tu as r\u00e9ussi ? Bravo. Tu peux v\u00e9rifier tes r\u00e9ponses en cliquant sur le lien ci-dessous. Yu peux prier avec ce beau texte.<\/p>\n\n\n\n<div class=\"wp-block-file\"><a href=\"https:\/\/www.diocese-limoges.fr\/haute-vienne\/wp-content\/uploads\/sites\/4\/2020\/11\/christ-na-pas-de-mains-1.pdf\">Christ n&rsquo;a pas de mains<\/a><a href=\"https:\/\/www.diocese-limoges.fr\/haute-vienne\/wp-content\/uploads\/sites\/4\/2020\/11\/christ-na-pas-de-mains-1.pdf\" class=\"wp-block-file__button\" download>T\u00e9l\u00e9charger<\/a><\/div>\n\n\n\n<p>Enfin, \u00e9coute cette chanson elle nous parl\u00e9e J\u00e9sus qui est le Roi et le Serviteur. C&rsquo;est le psaume 22 qui commence par ses belles paroles : \u00ab\u00a0Le Seigneur est mon berger, rien ne saurait me manquer\u00a0\u00bb<\/p>\n","protected":false},"author":26,"featured_media":280,"parent":518,"menu_order":79,"template":"","meta":{"_acf_changed":false},"class_list":["post-593","paroisse","type-paroisse","status-publish","has-post-thumbnail","hentry"],"acf":[],"yoast_head":"<!-- This site is optimized with the Yoast SEO plugin v26.4 - https:\/\/yoast.com\/wordpress\/plugins\/seo\/ -->\n<title>Les petits : mes fr\u00e8res ! - Doyenn\u00e9s de Haute Vienne<\/title>\n<meta name=\"robots\" content=\"index, follow, max-snippet:-1, max-image-preview:large, max-video-preview:-1\" \/>\n<link rel=\"canonical\" href=\"https:\/\/www.diocese-limoges.fr\/haute-vienne\/paroisses\/paroisse-saint-aurelien\/le-coin-du-kt\/les-petits-mes-freres\/\" \/>\n<meta property=\"og:locale\" content=\"fr_FR\" \/>\n<meta property=\"og:type\" content=\"article\" \/>\n<meta property=\"og:title\" content=\"Les petits : mes fr\u00e8res ! - Doyenn\u00e9s de Haute Vienne\" \/>\n<meta property=\"og:description\" content=\"Ce dimanche, 22 novembre, est le dernier dimanche de l&rsquo;ann\u00e9e liturgique. C&rsquo;est la f\u00eate du Christ, Roi de l&rsquo;Univers. J\u00e9sus est est roi mais ce n&rsquo;est pas un roi comme les autres. Sa royaut\u00e9 est celle de l&rsquo;Amour. Et J\u00e9sus nous invite \u00e0 aimer \u00e0 notre tour. Aimer Dieu et aimer les autres. Mais comment [&hellip;]\" \/>\n<meta property=\"og:url\" content=\"https:\/\/www.diocese-limoges.fr\/haute-vienne\/paroisses\/paroisse-saint-aurelien\/le-coin-du-kt\/les-petits-mes-freres\/\" \/>\n<meta property=\"og:site_name\" content=\"Doyenn\u00e9s de Haute Vienne\" \/>\n<meta property=\"og:image\" content=\"https:\/\/www.diocese-limoges.fr\/haute-vienne\/wp-content\/uploads\/sites\/4\/2020\/08\/logo-kt-limoges.jpg\" \/>\n\t<meta property=\"og:image:width\" content=\"157\" \/>\n\t<meta property=\"og:image:height\" content=\"113\" \/>\n\t<meta property=\"og:image:type\" content=\"image\/jpeg\" \/>\n<meta name=\"twitter:card\" content=\"summary_large_image\" \/>\n<meta name=\"twitter:label1\" content=\"Dur\u00e9e de lecture estim\u00e9e\" \/>\n\t<meta name=\"twitter:data1\" content=\"1 minute\" \/>\n<script type=\"application\/ld+json\" class=\"yoast-schema-graph\">{\"@context\":\"https:\/\/schema.org\",\"@graph\":[{\"@type\":\"WebPage\",\"@id\":\"https:\/\/www.diocese-limoges.fr\/haute-vienne\/paroisses\/paroisse-saint-aurelien\/le-coin-du-kt\/les-petits-mes-freres\/\",\"url\":\"https:\/\/www.diocese-limoges.fr\/haute-vienne\/paroisses\/paroisse-saint-aurelien\/le-coin-du-kt\/les-petits-mes-freres\/\",\"name\":\"Les petits : mes fr\u00e8res ! - Doyenn\u00e9s de Haute Vienne\",\"isPartOf\":{\"@id\":\"https:\/\/www.diocese-limoges.fr\/haute-vienne\/#website\"},\"primaryImageOfPage\":{\"@id\":\"https:\/\/www.diocese-limoges.fr\/haute-vienne\/paroisses\/paroisse-saint-aurelien\/le-coin-du-kt\/les-petits-mes-freres\/#primaryimage\"},\"image\":{\"@id\":\"https:\/\/www.diocese-limoges.fr\/haute-vienne\/paroisses\/paroisse-saint-aurelien\/le-coin-du-kt\/les-petits-mes-freres\/#primaryimage\"},\"thumbnailUrl\":\"https:\/\/www.diocese-limoges.fr\/haute-vienne\/wp-content\/uploads\/sites\/4\/2020\/08\/logo-kt-limoges.jpg\",\"datePublished\":\"2020-11-29T20:11:14+00:00\",\"breadcrumb\":{\"@id\":\"https:\/\/www.diocese-limoges.fr\/haute-vienne\/paroisses\/paroisse-saint-aurelien\/le-coin-du-kt\/les-petits-mes-freres\/#breadcrumb\"},\"inLanguage\":\"fr-FR\",\"potentialAction\":[{\"@type\":\"ReadAction\",\"target\":[\"https:\/\/www.diocese-limoges.fr\/haute-vienne\/paroisses\/paroisse-saint-aurelien\/le-coin-du-kt\/les-petits-mes-freres\/\"]}]},{\"@type\":\"ImageObject\",\"inLanguage\":\"fr-FR\",\"@id\":\"https:\/\/www.diocese-limoges.fr\/haute-vienne\/paroisses\/paroisse-saint-aurelien\/le-coin-du-kt\/les-petits-mes-freres\/#primaryimage\",\"url\":\"https:\/\/www.diocese-limoges.fr\/haute-vienne\/wp-content\/uploads\/sites\/4\/2020\/08\/logo-kt-limoges.jpg\",\"contentUrl\":\"https:\/\/www.diocese-limoges.fr\/haute-vienne\/wp-content\/uploads\/sites\/4\/2020\/08\/logo-kt-limoges.jpg\",\"width\":157,\"height\":113},{\"@type\":\"BreadcrumbList\",\"@id\":\"https:\/\/www.diocese-limoges.fr\/haute-vienne\/paroisses\/paroisse-saint-aurelien\/le-coin-du-kt\/les-petits-mes-freres\/#breadcrumb\",\"itemListElement\":[{\"@type\":\"ListItem\",\"position\":1,\"name\":\"Accueil\",\"item\":\"https:\/\/www.diocese-limoges.fr\/haute-vienne\/\"},{\"@type\":\"ListItem\",\"position\":2,\"name\":\"Paroisse Saint Aur\u00e9lien\",\"item\":\"https:\/\/www.diocese-limoges.fr\/haute-vienne\/paroisses\/paroisse-saint-aurelien\/\"},{\"@type\":\"ListItem\",\"position\":3,\"name\":\"Le coin du KT\",\"item\":\"https:\/\/www.diocese-limoges.fr\/haute-vienne\/paroisses\/paroisse-saint-aurelien\/le-coin-du-kt\/\"},{\"@type\":\"ListItem\",\"position\":4,\"name\":\"Les petits : mes fr\u00e8res !\"}]},{\"@type\":\"WebSite\",\"@id\":\"https:\/\/www.diocese-limoges.fr\/haute-vienne\/#website\",\"url\":\"https:\/\/www.diocese-limoges.fr\/haute-vienne\/\",\"name\":\"Doyenn\u00e9s de Haute Vienne\",\"description\":\"Dioc\u00e8se de Limoges\",\"potentialAction\":[{\"@type\":\"SearchAction\",\"target\":{\"@type\":\"EntryPoint\",\"urlTemplate\":\"https:\/\/www.diocese-limoges.fr\/haute-vienne\/?s={search_term_string}\"},\"query-input\":{\"@type\":\"PropertyValueSpecification\",\"valueRequired\":true,\"valueName\":\"search_term_string\"}}],\"inLanguage\":\"fr-FR\"}]}<\/script>\n<!-- \/ Yoast SEO plugin. -->","yoast_head_json":{"title":"Les petits : mes fr\u00e8res ! - Doyenn\u00e9s de Haute Vienne","robots":{"index":"index","follow":"follow","max-snippet":"max-snippet:-1","max-image-preview":"max-image-preview:large","max-video-preview":"max-video-preview:-1"},"canonical":"https:\/\/www.diocese-limoges.fr\/haute-vienne\/paroisses\/paroisse-saint-aurelien\/le-coin-du-kt\/les-petits-mes-freres\/","og_locale":"fr_FR","og_type":"article","og_title":"Les petits : mes fr\u00e8res ! - Doyenn\u00e9s de Haute Vienne","og_description":"Ce dimanche, 22 novembre, est le dernier dimanche de l&rsquo;ann\u00e9e liturgique. C&rsquo;est la f\u00eate du Christ, Roi de l&rsquo;Univers. J\u00e9sus est est roi mais ce n&rsquo;est pas un roi comme les autres. Sa royaut\u00e9 est celle de l&rsquo;Amour. Et J\u00e9sus nous invite \u00e0 aimer \u00e0 notre tour. Aimer Dieu et aimer les autres. Mais comment [&hellip;]","og_url":"https:\/\/www.diocese-limoges.fr\/haute-vienne\/paroisses\/paroisse-saint-aurelien\/le-coin-du-kt\/les-petits-mes-freres\/","og_site_name":"Doyenn\u00e9s de Haute Vienne","og_image":[{"width":157,"height":113,"url":"https:\/\/www.diocese-limoges.fr\/haute-vienne\/wp-content\/uploads\/sites\/4\/2020\/08\/logo-kt-limoges.jpg","type":"image\/jpeg"}],"twitter_card":"summary_large_image","twitter_misc":{"Dur\u00e9e de lecture estim\u00e9e":"1 minute"},"schema":{"@context":"https:\/\/schema.org","@graph":[{"@type":"WebPage","@id":"https:\/\/www.diocese-limoges.fr\/haute-vienne\/paroisses\/paroisse-saint-aurelien\/le-coin-du-kt\/les-petits-mes-freres\/","url":"https:\/\/www.diocese-limoges.fr\/haute-vienne\/paroisses\/paroisse-saint-aurelien\/le-coin-du-kt\/les-petits-mes-freres\/","name":"Les petits : mes fr\u00e8res ! - Doyenn\u00e9s de Haute Vienne","isPartOf":{"@id":"https:\/\/www.diocese-limoges.fr\/haute-vienne\/#website"},"primaryImageOfPage":{"@id":"https:\/\/www.diocese-limoges.fr\/haute-vienne\/paroisses\/paroisse-saint-aurelien\/le-coin-du-kt\/les-petits-mes-freres\/#primaryimage"},"image":{"@id":"https:\/\/www.diocese-limoges.fr\/haute-vienne\/paroisses\/paroisse-saint-aurelien\/le-coin-du-kt\/les-petits-mes-freres\/#primaryimage"},"thumbnailUrl":"https:\/\/www.diocese-limoges.fr\/haute-vienne\/wp-content\/uploads\/sites\/4\/2020\/08\/logo-kt-limoges.jpg","datePublished":"2020-11-29T20:11:14+00:00","breadcrumb":{"@id":"https:\/\/www.diocese-limoges.fr\/haute-vienne\/paroisses\/paroisse-saint-aurelien\/le-coin-du-kt\/les-petits-mes-freres\/#breadcrumb"},"inLanguage":"fr-FR","potentialAction":[{"@type":"ReadAction","target":["https:\/\/www.diocese-limoges.fr\/haute-vienne\/paroisses\/paroisse-saint-aurelien\/le-coin-du-kt\/les-petits-mes-freres\/"]}]},{"@type":"ImageObject","inLanguage":"fr-FR","@id":"https:\/\/www.diocese-limoges.fr\/haute-vienne\/paroisses\/paroisse-saint-aurelien\/le-coin-du-kt\/les-petits-mes-freres\/#primaryimage","url":"https:\/\/www.diocese-limoges.fr\/haute-vienne\/wp-content\/uploads\/sites\/4\/2020\/08\/logo-kt-limoges.jpg","contentUrl":"https:\/\/www.diocese-limoges.fr\/haute-vienne\/wp-content\/uploads\/sites\/4\/2020\/08\/logo-kt-limoges.jpg","width":157,"height":113},{"@type":"BreadcrumbList","@id":"https:\/\/www.diocese-limoges.fr\/haute-vienne\/paroisses\/paroisse-saint-aurelien\/le-coin-du-kt\/les-petits-mes-freres\/#breadcrumb","itemListElement":[{"@type":"ListItem","position":1,"name":"Accueil","item":"https:\/\/www.diocese-limoges.fr\/haute-vienne\/"},{"@type":"ListItem","position":2,"name":"Paroisse Saint Aur\u00e9lien","item":"https:\/\/www.diocese-limoges.fr\/haute-vienne\/paroisses\/paroisse-saint-aurelien\/"},{"@type":"ListItem","position":3,"name":"Le coin du KT","item":"https:\/\/www.diocese-limoges.fr\/haute-vienne\/paroisses\/paroisse-saint-aurelien\/le-coin-du-kt\/"},{"@type":"ListItem","position":4,"name":"Les petits : mes fr\u00e8res !"}]},{"@type":"WebSite","@id":"https:\/\/www.diocese-limoges.fr\/haute-vienne\/#website","url":"https:\/\/www.diocese-limoges.fr\/haute-vienne\/","name":"Doyenn\u00e9s de Haute Vienne","description":"Dioc\u00e8se de Limoges","potentialAction":[{"@type":"SearchAction","target":{"@type":"EntryPoint","urlTemplate":"https:\/\/www.diocese-limoges.fr\/haute-vienne\/?s={search_term_string}"},"query-input":{"@type":"PropertyValueSpecification","valueRequired":true,"valueName":"search_term_string"}}],"inLanguage":"fr-FR"}]}},"_links":{"self":[{"href":"https:\/\/www.diocese-limoges.fr\/haute-vienne\/wp-json\/wp\/v2\/paroisse\/593","targetHints":{"allow":["GET"]}}],"collection":[{"href":"https:\/\/www.diocese-limoges.fr\/haute-vienne\/wp-json\/wp\/v2\/paroisse"}],"about":[{"href":"https:\/\/www.diocese-limoges.fr\/haute-vienne\/wp-json\/wp\/v2\/types\/paroisse"}],"author":[{"embeddable":true,"href":"https:\/\/www.diocese-limoges.fr\/haute-vienne\/wp-json\/wp\/v2\/users\/26"}],"up":[{"embeddable":true,"href":"https:\/\/www.diocese-limoges.fr\/haute-vienne\/wp-json\/wp\/v2\/paroisse\/518"}],"wp:featuredmedia":[{"embeddable":true,"href":"https:\/\/www.diocese-limoges.fr\/haute-vienne\/wp-json\/wp\/v2\/media\/280"}],"wp:attachment":[{"href":"https:\/\/www.diocese-limoges.fr\/haute-vienne\/wp-json\/wp\/v2\/media?parent=593"}],"curies":[{"name":"wp","href":"https:\/\/api.w.org\/{rel}","templated":true}]}}