{"id":611,"date":"2020-12-02T21:00:54","date_gmt":"2020-12-02T20:00:54","guid":{"rendered":"https:\/\/www.diocese-limoges.fr\/haute-vienne\/?post_type=paroisse&#038;p=611"},"modified":"2020-12-22T13:45:28","modified_gmt":"2020-12-22T12:45:28","slug":"le-calendrier-de-lavent-du-groupe-daumonerie-de-nexon","status":"publish","type":"paroisse","link":"https:\/\/www.diocese-limoges.fr\/haute-vienne\/paroisses\/paroisse-saint-aurelien\/le-coin-de-laumonerie\/le-calendrier-de-lavent-du-groupe-daumonerie-de-nexon\/","title":{"rendered":"Le calendrier de l&rsquo;Avent du groupe d&rsquo;aum\u00f4nerie de Nexon"},"content":{"rendered":"\n<p>Pour montrer qu&rsquo;ils sont capables du meilleur, nous avons demand\u00e9 aux jeunes de l&rsquo;aum\u00f4nerie de Nexon de partager des belles photos, des r\u00e9alisations, des pri\u00e8res&#8230; quelque chose qui leur fait plaisir et qui les aide \u00e0 avancer&#8230; pour r\u00e9aliser un calendrier de l&rsquo;Avent. Un tirage au sort dans les r\u00e8gles a \u00e9t\u00e9 r\u00e9alis\u00e9 par Jean et chacun s&rsquo;est vu attribuer une fen\u00eatre, un jour. <\/p>\n\n\n\n<p>Connect\u00e9s et motiv\u00e9s, les jeunes r\u00e9pondent pr\u00e9sents lors des s\u00e9ances en ligne. Le format n\u2019est pas le m\u00eame et le ressenti est forc\u00e9ment diff\u00e9rent mais les jeunes prient, s\u2019interrogent, r\u00e9fl\u00e9chissent sur leur vie de jeunes chr\u00e9tiens\u2026.<\/p>\n\n\n\n<p>En d\u00e9couvrant chaque jour la publication d&rsquo;un jeune nous vous accompagnons dans votre marche vers No\u00ebl&#8230;<\/p>\n\n\n\n<p class=\"has-text-align-right\">Marie Christine, animatrice \u00e0 Nexon<\/p>\n\n\n\n<p class=\"has-white-color has-vivid-cyan-blue-background-color has-text-color has-background has-medium-font-size\"><strong>20 d\u00e9cembre : Jean nous d\u00e9voile son doudou qui le rassure<\/strong><\/p>\n\n\n\n<div class=\"wp-block-image is-style-default\"><figure class=\"aligncenter size-large\"><img loading=\"lazy\" decoding=\"async\" width=\"435\" height=\"542\" src=\"https:\/\/www.diocese-limoges.fr\/haute-vienne\/wp-content\/uploads\/sites\/4\/2020\/12\/fenetre-20.png\" alt=\"\" class=\"wp-image-711\" srcset=\"https:\/\/www.diocese-limoges.fr\/haute-vienne\/wp-content\/uploads\/sites\/4\/2020\/12\/fenetre-20.png 435w, https:\/\/www.diocese-limoges.fr\/haute-vienne\/wp-content\/uploads\/sites\/4\/2020\/12\/fenetre-20-241x300.png 241w\" sizes=\"auto, (max-width: 435px) 100vw, 435px\" \/><\/figure><\/div>\n\n\n\n<p class=\"has-white-color has-vivid-cyan-blue-background-color has-text-color has-background has-medium-font-size\"><strong>19 d\u00e9cembre : Michel nous rappelle ce qu&rsquo;est No\u00ebl<\/strong><\/p>\n\n\n\n<div class=\"wp-block-image is-style-default\"><figure class=\"aligncenter size-large is-resized\"><img loading=\"lazy\" decoding=\"async\" src=\"https:\/\/www.diocese-limoges.fr\/haute-vienne\/wp-content\/uploads\/sites\/4\/2020\/12\/calendrier-avent-1024x724.jpg\" alt=\"\" class=\"wp-image-710\" width=\"785\" height=\"555\" srcset=\"https:\/\/www.diocese-limoges.fr\/haute-vienne\/wp-content\/uploads\/sites\/4\/2020\/12\/calendrier-avent-1024x724.jpg 1024w, https:\/\/www.diocese-limoges.fr\/haute-vienne\/wp-content\/uploads\/sites\/4\/2020\/12\/calendrier-avent-300x212.jpg 300w, https:\/\/www.diocese-limoges.fr\/haute-vienne\/wp-content\/uploads\/sites\/4\/2020\/12\/calendrier-avent-768x543.jpg 768w, https:\/\/www.diocese-limoges.fr\/haute-vienne\/wp-content\/uploads\/sites\/4\/2020\/12\/calendrier-avent-1536x1087.jpg 1536w, https:\/\/www.diocese-limoges.fr\/haute-vienne\/wp-content\/uploads\/sites\/4\/2020\/12\/calendrier-avent.jpg 1753w\" sizes=\"auto, (max-width: 785px) 100vw, 785px\" \/><\/figure><\/div>\n\n\n\n<p class=\"has-white-color has-vivid-cyan-blue-background-color has-text-color has-background has-medium-font-size\"><strong>18 d\u00e9cembre : Pour Marie-Christine : No\u00ebl c&rsquo;est ouvrir son coeur<\/strong><\/p>\n\n\n\n<div class=\"wp-block-image is-style-default\"><figure class=\"aligncenter size-large\"><img loading=\"lazy\" decoding=\"async\" width=\"432\" height=\"535\" src=\"https:\/\/www.diocese-limoges.fr\/haute-vienne\/wp-content\/uploads\/sites\/4\/2020\/12\/fenetre-18.png\" alt=\"\" class=\"wp-image-705\" srcset=\"https:\/\/www.diocese-limoges.fr\/haute-vienne\/wp-content\/uploads\/sites\/4\/2020\/12\/fenetre-18.png 432w, https:\/\/www.diocese-limoges.fr\/haute-vienne\/wp-content\/uploads\/sites\/4\/2020\/12\/fenetre-18-242x300.png 242w\" sizes=\"auto, (max-width: 432px) 100vw, 432px\" \/><\/figure><\/div>\n\n\n\n<p class=\"has-white-color has-vivid-cyan-blue-background-color has-text-color has-background has-medium-font-size\"><strong>17 d\u00e9cembre : Pour Eliott, pas de No\u00ebl sans \u00ab\u00a0Il est n\u00e9 le divin enfant\u00a0\u00bb<\/strong><\/p>\n\n\n\n<figure class=\"wp-block-embed-youtube wp-block-embed is-type-video is-provider-youtube wp-embed-aspect-16-9 wp-has-aspect-ratio\"><div class=\"wp-block-embed__wrapper\">\n<iframe loading=\"lazy\" title=\"Il est n\u00e9 le divin enfant - Chant de No\u00ebl avec orgue\" width=\"500\" height=\"281\" src=\"https:\/\/www.youtube.com\/embed\/Tx2HAMDKe5o?feature=oembed\" frameborder=\"0\" allow=\"accelerometer; autoplay; clipboard-write; encrypted-media; gyroscope; picture-in-picture; web-share\" referrerpolicy=\"strict-origin-when-cross-origin\" allowfullscreen><\/iframe>\n<\/div><\/figure>\n\n\n\n<p class=\"has-white-color has-vivid-cyan-blue-background-color has-text-color has-background has-medium-font-size\"><strong>16 d\u00e9cembre : Laly met \u00e0 l&rsquo;honneur ceux et celles qui donnent de leur temps<\/strong><\/p>\n\n\n\n<div class=\"wp-block-image is-style-default\"><figure class=\"aligncenter size-large\"><img loading=\"lazy\" decoding=\"async\" width=\"438\" height=\"384\" src=\"https:\/\/www.diocese-limoges.fr\/haute-vienne\/wp-content\/uploads\/sites\/4\/2020\/12\/fenetre-16.png\" alt=\"\" class=\"wp-image-704\" srcset=\"https:\/\/www.diocese-limoges.fr\/haute-vienne\/wp-content\/uploads\/sites\/4\/2020\/12\/fenetre-16.png 438w, https:\/\/www.diocese-limoges.fr\/haute-vienne\/wp-content\/uploads\/sites\/4\/2020\/12\/fenetre-16-300x263.png 300w\" sizes=\"auto, (max-width: 438px) 100vw, 438px\" \/><\/figure><\/div>\n\n\n\n<p class=\"has-white-color has-vivid-cyan-blue-background-color has-text-color has-background has-medium-font-size\"><strong>15 d\u00e9cembre : Estelle partage son \u00e9toile<\/strong><\/p>\n\n\n\n<div class=\"wp-block-image is-style-default\"><figure class=\"aligncenter size-large\"><img loading=\"lazy\" decoding=\"async\" width=\"441\" height=\"546\" src=\"https:\/\/www.diocese-limoges.fr\/haute-vienne\/wp-content\/uploads\/sites\/4\/2020\/12\/fenetre-15.png\" alt=\"\" class=\"wp-image-683\" srcset=\"https:\/\/www.diocese-limoges.fr\/haute-vienne\/wp-content\/uploads\/sites\/4\/2020\/12\/fenetre-15.png 441w, https:\/\/www.diocese-limoges.fr\/haute-vienne\/wp-content\/uploads\/sites\/4\/2020\/12\/fenetre-15-242x300.png 242w\" sizes=\"auto, (max-width: 441px) 100vw, 441px\" \/><\/figure><\/div>\n\n\n\n<p class=\"has-white-color has-vivid-cyan-blue-background-color has-text-color has-background has-medium-font-size\"><strong>14 d\u00e9cembre : Pour Olivia, \u00e0 No\u00ebl le don a toute sa place<\/strong><\/p>\n\n\n\n<div class=\"wp-block-image is-style-default\"><figure class=\"aligncenter size-large\"><img loading=\"lazy\" decoding=\"async\" width=\"439\" height=\"461\" src=\"https:\/\/www.diocese-limoges.fr\/haute-vienne\/wp-content\/uploads\/sites\/4\/2020\/12\/fenetre-14-1.png\" alt=\"\" class=\"wp-image-682\" srcset=\"https:\/\/www.diocese-limoges.fr\/haute-vienne\/wp-content\/uploads\/sites\/4\/2020\/12\/fenetre-14-1.png 439w, https:\/\/www.diocese-limoges.fr\/haute-vienne\/wp-content\/uploads\/sites\/4\/2020\/12\/fenetre-14-1-286x300.png 286w\" sizes=\"auto, (max-width: 439px) 100vw, 439px\" \/><\/figure><\/div>\n\n\n\n<p class=\"has-white-color has-vivid-cyan-blue-background-color has-text-color has-background has-medium-font-size\"><strong>13 d\u00e9cembre : Coralie nous offre sa cr\u00e8che. No\u00ebl c&rsquo;est vraiment le partage&#8230;<\/strong><\/p>\n\n\n\n<div class=\"wp-block-image is-style-default\"><figure class=\"aligncenter size-large\"><img loading=\"lazy\" decoding=\"async\" width=\"438\" height=\"231\" src=\"https:\/\/www.diocese-limoges.fr\/haute-vienne\/wp-content\/uploads\/sites\/4\/2020\/12\/fenetre-13.png\" alt=\"\" class=\"wp-image-680\" srcset=\"https:\/\/www.diocese-limoges.fr\/haute-vienne\/wp-content\/uploads\/sites\/4\/2020\/12\/fenetre-13.png 438w, https:\/\/www.diocese-limoges.fr\/haute-vienne\/wp-content\/uploads\/sites\/4\/2020\/12\/fenetre-13-300x158.png 300w\" sizes=\"auto, (max-width: 438px) 100vw, 438px\" \/><\/figure><\/div>\n\n\n\n<p class=\"has-white-color has-vivid-cyan-blue-background-color has-text-color has-background has-medium-font-size\"><strong>12 d\u00e9cembre : Cl\u00e9ment nous invite \u00e0 suivre l&rsquo;\u00e9toile.<\/strong><\/p>\n\n\n\n<div class=\"wp-block-image is-style-default\"><figure class=\"aligncenter size-large is-resized\"><img loading=\"lazy\" decoding=\"async\" src=\"https:\/\/www.diocese-limoges.fr\/haute-vienne\/wp-content\/uploads\/sites\/4\/2020\/12\/fenetre-12.png\" alt=\"\" class=\"wp-image-666\" width=\"656\" height=\"652\" srcset=\"https:\/\/www.diocese-limoges.fr\/haute-vienne\/wp-content\/uploads\/sites\/4\/2020\/12\/fenetre-12.png 503w, https:\/\/www.diocese-limoges.fr\/haute-vienne\/wp-content\/uploads\/sites\/4\/2020\/12\/fenetre-12-300x298.png 300w, https:\/\/www.diocese-limoges.fr\/haute-vienne\/wp-content\/uploads\/sites\/4\/2020\/12\/fenetre-12-150x150.png 150w\" sizes=\"auto, (max-width: 656px) 100vw, 656px\" \/><\/figure><\/div>\n\n\n\n<p class=\"has-white-color has-vivid-cyan-blue-background-color has-text-color has-background has-medium-font-size\"><strong>11 d\u00e9cembre : Pour Gabrielle, No\u00ebl c&rsquo;est le partage<\/strong><\/p>\n\n\n\n<div class=\"wp-block-image is-style-default\"><figure class=\"aligncenter size-large is-resized\"><img loading=\"lazy\" decoding=\"async\" src=\"https:\/\/www.diocese-limoges.fr\/haute-vienne\/wp-content\/uploads\/sites\/4\/2020\/12\/sans-titre-2-1.png\" alt=\"\" class=\"wp-image-665\" width=\"788\" height=\"436\" srcset=\"https:\/\/www.diocese-limoges.fr\/haute-vienne\/wp-content\/uploads\/sites\/4\/2020\/12\/sans-titre-2-1.png 677w, https:\/\/www.diocese-limoges.fr\/haute-vienne\/wp-content\/uploads\/sites\/4\/2020\/12\/sans-titre-2-1-300x166.png 300w\" sizes=\"auto, (max-width: 788px) 100vw, 788px\" \/><\/figure><\/div>\n\n\n\n<p class=\"has-white-color has-vivid-cyan-blue-background-color has-text-color has-background has-medium-font-size\"><strong>10 d\u00e9cembre : Sarah a test\u00e9 une autre fa\u00e7on de se rendre utile&#8230;<\/strong><\/p>\n\n\n\n<div class=\"wp-block-image is-style-default\"><figure class=\"aligncenter size-large is-resized\"><img loading=\"lazy\" decoding=\"async\" src=\"https:\/\/www.diocese-limoges.fr\/haute-vienne\/wp-content\/uploads\/sites\/4\/2020\/12\/sans-titre-10.png\" alt=\"\" class=\"wp-image-663\" width=\"778\" height=\"890\" srcset=\"https:\/\/www.diocese-limoges.fr\/haute-vienne\/wp-content\/uploads\/sites\/4\/2020\/12\/sans-titre-10.png 540w, https:\/\/www.diocese-limoges.fr\/haute-vienne\/wp-content\/uploads\/sites\/4\/2020\/12\/sans-titre-10-262x300.png 262w\" sizes=\"auto, (max-width: 778px) 100vw, 778px\" \/><\/figure><\/div>\n\n\n\n<p class=\"has-white-color has-vivid-cyan-blue-background-color has-text-color has-background has-medium-font-size\"><strong>9 d\u00e9cembre &#8211; Nathalie propose de passer \u00e0 l&rsquo;action.<\/strong><\/p>\n\n\n\n<div class=\"wp-block-image is-style-default\"><figure class=\"aligncenter size-large is-resized\"><img loading=\"lazy\" decoding=\"async\" src=\"https:\/\/www.diocese-limoges.fr\/haute-vienne\/wp-content\/uploads\/sites\/4\/2020\/12\/fenetre-9.png\" alt=\"\" class=\"wp-image-652\" width=\"543\" height=\"644\" srcset=\"https:\/\/www.diocese-limoges.fr\/haute-vienne\/wp-content\/uploads\/sites\/4\/2020\/12\/fenetre-9.png 382w, https:\/\/www.diocese-limoges.fr\/haute-vienne\/wp-content\/uploads\/sites\/4\/2020\/12\/fenetre-9-253x300.png 253w\" sizes=\"auto, (max-width: 543px) 100vw, 543px\" \/><\/figure><\/div>\n\n\n\n<p class=\"has-white-color has-vivid-cyan-blue-background-color has-text-color has-background has-medium-font-size\"><strong>8 d\u00e9cembre &#8211; Lisa nous rappelle l&rsquo;essentiel !<\/strong><\/p>\n\n\n\n<div class=\"wp-block-image is-style-default\"><figure class=\"aligncenter size-large is-resized\"><img loading=\"lazy\" decoding=\"async\" src=\"https:\/\/www.diocese-limoges.fr\/haute-vienne\/wp-content\/uploads\/sites\/4\/2020\/12\/fenetre-8-1.png\" alt=\"\" class=\"wp-image-654\" width=\"538\" height=\"667\" srcset=\"https:\/\/www.diocese-limoges.fr\/haute-vienne\/wp-content\/uploads\/sites\/4\/2020\/12\/fenetre-8-1.png 382w, https:\/\/www.diocese-limoges.fr\/haute-vienne\/wp-content\/uploads\/sites\/4\/2020\/12\/fenetre-8-1-242x300.png 242w\" sizes=\"auto, (max-width: 538px) 100vw, 538px\" \/><\/figure><\/div>\n\n\n\n<p class=\"has-white-color has-vivid-cyan-blue-background-color has-text-color has-background has-medium-font-size\"><strong>7 d\u00e9cembre &#8211; Anne-Lise \u00e9voque Marie, la m\u00e8re de J\u00e9sus<\/strong><\/p>\n\n\n\n<div class=\"wp-block-image is-style-default\"><figure class=\"aligncenter size-large\"><img loading=\"lazy\" decoding=\"async\" width=\"531\" height=\"661\" src=\"https:\/\/www.diocese-limoges.fr\/haute-vienne\/wp-content\/uploads\/sites\/4\/2020\/12\/anne-lise-fenetre-7.png\" alt=\"Anne Lise Fen\u00eatre 7.png\" class=\"wp-image-649\" srcset=\"https:\/\/www.diocese-limoges.fr\/haute-vienne\/wp-content\/uploads\/sites\/4\/2020\/12\/anne-lise-fenetre-7.png 531w, https:\/\/www.diocese-limoges.fr\/haute-vienne\/wp-content\/uploads\/sites\/4\/2020\/12\/anne-lise-fenetre-7-241x300.png 241w\" sizes=\"auto, (max-width: 531px) 100vw, 531px\" \/><\/figure><\/div>\n\n\n\n<p class=\"has-white-color has-vivid-cyan-blue-background-color has-text-color has-background has-medium-font-size\"><strong>6 d\u00e9cembre &#8211; Xavier nous propose sa vision de la vie<\/strong><\/p>\n\n\n\n<div class=\"wp-block-image is-style-default\"><figure class=\"aligncenter size-large is-resized\"><img loading=\"lazy\" decoding=\"async\" src=\"https:\/\/www.diocese-limoges.fr\/haute-vienne\/wp-content\/uploads\/sites\/4\/2020\/12\/image-10.png\" alt=\"\" class=\"wp-image-639\" width=\"655\" height=\"497\" srcset=\"https:\/\/www.diocese-limoges.fr\/haute-vienne\/wp-content\/uploads\/sites\/4\/2020\/12\/image-10.png 522w, https:\/\/www.diocese-limoges.fr\/haute-vienne\/wp-content\/uploads\/sites\/4\/2020\/12\/image-10-300x228.png 300w\" sizes=\"auto, (max-width: 655px) 100vw, 655px\" \/><\/figure><\/div>\n\n\n\n<p class=\"has-white-color has-vivid-cyan-blue-background-color has-text-color has-background has-medium-font-size\"><strong>5 d\u00e9cembre &#8211; Nathana\u00ebl nous livre ses pri\u00e8res de l&rsquo;Avent<\/strong><\/p>\n\n\n\n<div class=\"wp-block-image is-style-default\"><figure class=\"aligncenter size-large is-resized\"><img loading=\"lazy\" decoding=\"async\" src=\"https:\/\/www.diocese-limoges.fr\/haute-vienne\/wp-content\/uploads\/sites\/4\/2020\/12\/image-8.png\" alt=\"\" class=\"wp-image-637\" width=\"580\" height=\"922\" srcset=\"https:\/\/www.diocese-limoges.fr\/haute-vienne\/wp-content\/uploads\/sites\/4\/2020\/12\/image-8.png 414w, https:\/\/www.diocese-limoges.fr\/haute-vienne\/wp-content\/uploads\/sites\/4\/2020\/12\/image-8-189x300.png 189w\" sizes=\"auto, (max-width: 580px) 100vw, 580px\" \/><\/figure><\/div>\n\n\n\n<p class=\"has-white-color has-vivid-cyan-blue-background-color has-text-color has-background has-medium-font-size\"><strong>4 d\u00e9cembre &#8211;  Oc\u00e9ane partage avec nous une tr\u00e8s belle citation de Catherine Rambert<\/strong><\/p>\n\n\n\n<div class=\"wp-block-image is-style-default\"><figure class=\"aligncenter size-large\"><img decoding=\"async\" src=\"https:\/\/www.diocese-limoges.fr\/haute-vienne\/wp-content\/uploads\/sites\/4\/2020\/12\/image-7.png\" alt=\"\" class=\"wp-image-629\" \/><\/figure><\/div>\n\n\n\n<p class=\"has-white-color has-vivid-cyan-blue-background-color has-text-color has-background has-medium-font-size\"><strong>3 d\u00e9cembre &#8211; Cyprien partage avec nous les joies de la pri\u00e8re<\/strong><\/p>\n\n\n\n<div class=\"wp-block-image is-style-default\"><figure class=\"aligncenter size-large\"><img loading=\"lazy\" decoding=\"async\" width=\"495\" height=\"609\" src=\"https:\/\/www.diocese-limoges.fr\/haute-vienne\/wp-content\/uploads\/sites\/4\/2020\/12\/publication-cyprien-3eme-fenetre.png\" alt=\"\" class=\"wp-image-623\" srcset=\"https:\/\/www.diocese-limoges.fr\/haute-vienne\/wp-content\/uploads\/sites\/4\/2020\/12\/publication-cyprien-3eme-fenetre.png 495w, https:\/\/www.diocese-limoges.fr\/haute-vienne\/wp-content\/uploads\/sites\/4\/2020\/12\/publication-cyprien-3eme-fenetre-244x300.png 244w\" sizes=\"auto, (max-width: 495px) 100vw, 495px\" \/><\/figure><\/div>\n\n\n\n<p class=\"has-white-color has-vivid-cyan-blue-background-color has-text-color has-background has-medium-font-size\"><strong>2 d\u00e9cembre &#8211; La\u00ebl compose des cr\u00e8ches pour tous : Bricoleur, musiciens, &nbsp;joueur et confin\u00e9 !<\/strong><\/p>\n\n\n\n<div class=\"wp-block-image is-style-default\"><figure class=\"aligncenter size-large\"><img loading=\"lazy\" decoding=\"async\" width=\"719\" height=\"538\" src=\"https:\/\/www.diocese-limoges.fr\/haute-vienne\/wp-content\/uploads\/sites\/4\/2020\/12\/image.png\" alt=\"\" class=\"wp-image-614\" srcset=\"https:\/\/www.diocese-limoges.fr\/haute-vienne\/wp-content\/uploads\/sites\/4\/2020\/12\/image.png 719w, https:\/\/www.diocese-limoges.fr\/haute-vienne\/wp-content\/uploads\/sites\/4\/2020\/12\/image-300x224.png 300w\" sizes=\"auto, (max-width: 719px) 100vw, 719px\" \/><\/figure><\/div>\n\n\n\n<div class=\"wp-block-image is-style-default\"><figure class=\"aligncenter size-large\"><img loading=\"lazy\" decoding=\"async\" width=\"731\" height=\"983\" src=\"https:\/\/www.diocese-limoges.fr\/haute-vienne\/wp-content\/uploads\/sites\/4\/2020\/12\/image-3.png\" alt=\"\" class=\"wp-image-617\" srcset=\"https:\/\/www.diocese-limoges.fr\/haute-vienne\/wp-content\/uploads\/sites\/4\/2020\/12\/image-3.png 731w, https:\/\/www.diocese-limoges.fr\/haute-vienne\/wp-content\/uploads\/sites\/4\/2020\/12\/image-3-223x300.png 223w\" sizes=\"auto, (max-width: 731px) 100vw, 731px\" \/><\/figure><\/div>\n\n\n\n<div class=\"wp-block-image is-style-default\"><figure class=\"aligncenter size-large\"><img loading=\"lazy\" decoding=\"async\" width=\"960\" height=\"720\" src=\"https:\/\/www.diocese-limoges.fr\/haute-vienne\/wp-content\/uploads\/sites\/4\/2020\/12\/img_20201130_133512-rotated.jpg\" alt=\"\" class=\"wp-image-618\" srcset=\"https:\/\/www.diocese-limoges.fr\/haute-vienne\/wp-content\/uploads\/sites\/4\/2020\/12\/img_20201130_133512-rotated.jpg 960w, https:\/\/www.diocese-limoges.fr\/haute-vienne\/wp-content\/uploads\/sites\/4\/2020\/12\/img_20201130_133512-300x225.jpg 300w, https:\/\/www.diocese-limoges.fr\/haute-vienne\/wp-content\/uploads\/sites\/4\/2020\/12\/img_20201130_133512-768x576.jpg 768w\" sizes=\"auto, (max-width: 960px) 100vw, 960px\" \/><\/figure><\/div>\n\n\n\n<div class=\"wp-block-image is-style-default\"><figure class=\"aligncenter size-large\"><img loading=\"lazy\" decoding=\"async\" width=\"716\" height=\"972\" src=\"https:\/\/www.diocese-limoges.fr\/haute-vienne\/wp-content\/uploads\/sites\/4\/2020\/12\/image-5.png\" alt=\"\" class=\"wp-image-620\" srcset=\"https:\/\/www.diocese-limoges.fr\/haute-vienne\/wp-content\/uploads\/sites\/4\/2020\/12\/image-5.png 716w, https:\/\/www.diocese-limoges.fr\/haute-vienne\/wp-content\/uploads\/sites\/4\/2020\/12\/image-5-221x300.png 221w\" sizes=\"auto, (max-width: 716px) 100vw, 716px\" \/><\/figure><\/div>\n\n\n\n<p class=\"has-white-color has-vivid-cyan-blue-background-color has-text-color has-background has-medium-font-size\"><strong>&nbsp;1<sup>er<\/sup> d\u00e9cembre &#8211; photo de Jules &#8211; Un paysage apaisant<\/strong><\/p>\n\n\n\n<figure class=\"wp-block-image size-large is-resized is-style-default\"><img loading=\"lazy\" decoding=\"async\" src=\"https:\/\/www.diocese-limoges.fr\/haute-vienne\/wp-content\/uploads\/sites\/4\/2020\/12\/img_8343.jpeg\" alt=\"\" class=\"wp-image-613\" width=\"1327\" height=\"995\" srcset=\"https:\/\/www.diocese-limoges.fr\/haute-vienne\/wp-content\/uploads\/sites\/4\/2020\/12\/img_8343.jpeg 1008w, https:\/\/www.diocese-limoges.fr\/haute-vienne\/wp-content\/uploads\/sites\/4\/2020\/12\/img_8343-300x225.jpeg 300w, https:\/\/www.diocese-limoges.fr\/haute-vienne\/wp-content\/uploads\/sites\/4\/2020\/12\/img_8343-768x576.jpeg 768w\" sizes=\"auto, (max-width: 1327px) 100vw, 1327px\" \/><\/figure>\n\n\n\n<figure class=\"wp-block-image size-large is-resized is-style-default\"><img loading=\"lazy\" decoding=\"async\" src=\"https:\/\/www.diocese-limoges.fr\/haute-vienne\/wp-content\/uploads\/sites\/4\/2020\/12\/sans-titre.png\" alt=\"\" class=\"wp-image-612\" width=\"1331\" height=\"754\" srcset=\"https:\/\/www.diocese-limoges.fr\/haute-vienne\/wp-content\/uploads\/sites\/4\/2020\/12\/sans-titre.png 743w, https:\/\/www.diocese-limoges.fr\/haute-vienne\/wp-content\/uploads\/sites\/4\/2020\/12\/sans-titre-300x170.png 300w\" sizes=\"auto, (max-width: 1331px) 100vw, 1331px\" \/><\/figure>\n","protected":false},"author":26,"featured_media":612,"parent":519,"menu_order":84,"template":"","meta":{"_acf_changed":false},"class_list":["post-611","paroisse","type-paroisse","status-publish","has-post-thumbnail","hentry"],"acf":[],"yoast_head":"<!-- This site is optimized with the Yoast SEO plugin v26.4 - https:\/\/yoast.com\/wordpress\/plugins\/seo\/ -->\n<title>Le calendrier de l&#039;Avent du groupe d&#039;aum\u00f4nerie de Nexon - Doyenn\u00e9s de Haute Vienne<\/title>\n<meta name=\"robots\" content=\"index, follow, max-snippet:-1, max-image-preview:large, max-video-preview:-1\" \/>\n<link rel=\"canonical\" href=\"https:\/\/www.diocese-limoges.fr\/haute-vienne\/paroisses\/paroisse-saint-aurelien\/le-coin-de-laumonerie\/le-calendrier-de-lavent-du-groupe-daumonerie-de-nexon\/\" \/>\n<meta property=\"og:locale\" content=\"fr_FR\" \/>\n<meta property=\"og:type\" content=\"article\" \/>\n<meta property=\"og:title\" content=\"Le calendrier de l&#039;Avent du groupe d&#039;aum\u00f4nerie de Nexon - Doyenn\u00e9s de Haute Vienne\" \/>\n<meta property=\"og:description\" content=\"Pour montrer qu&rsquo;ils sont capables du meilleur, nous avons demand\u00e9 aux jeunes de l&rsquo;aum\u00f4nerie de Nexon de partager des belles photos, des r\u00e9alisations, des pri\u00e8res&#8230; quelque chose qui leur fait plaisir et qui les aide \u00e0 avancer&#8230; pour r\u00e9aliser un calendrier de l&rsquo;Avent. Un tirage au sort dans les r\u00e8gles a \u00e9t\u00e9 r\u00e9alis\u00e9 par Jean [&hellip;]\" \/>\n<meta property=\"og:url\" content=\"https:\/\/www.diocese-limoges.fr\/haute-vienne\/paroisses\/paroisse-saint-aurelien\/le-coin-de-laumonerie\/le-calendrier-de-lavent-du-groupe-daumonerie-de-nexon\/\" \/>\n<meta property=\"og:site_name\" content=\"Doyenn\u00e9s de Haute Vienne\" \/>\n<meta property=\"article:modified_time\" content=\"2020-12-22T12:45:28+00:00\" \/>\n<meta property=\"og:image\" content=\"https:\/\/www.diocese-limoges.fr\/haute-vienne\/wp-content\/uploads\/sites\/4\/2020\/12\/sans-titre.png\" \/>\n\t<meta property=\"og:image:width\" content=\"743\" \/>\n\t<meta property=\"og:image:height\" content=\"421\" \/>\n\t<meta property=\"og:image:type\" content=\"image\/png\" \/>\n<meta name=\"twitter:card\" content=\"summary_large_image\" \/>\n<meta name=\"twitter:label1\" content=\"Dur\u00e9e de lecture estim\u00e9e\" \/>\n\t<meta name=\"twitter:data1\" content=\"2 minutes\" \/>\n<script type=\"application\/ld+json\" class=\"yoast-schema-graph\">{\"@context\":\"https:\/\/schema.org\",\"@graph\":[{\"@type\":\"WebPage\",\"@id\":\"https:\/\/www.diocese-limoges.fr\/haute-vienne\/paroisses\/paroisse-saint-aurelien\/le-coin-de-laumonerie\/le-calendrier-de-lavent-du-groupe-daumonerie-de-nexon\/\",\"url\":\"https:\/\/www.diocese-limoges.fr\/haute-vienne\/paroisses\/paroisse-saint-aurelien\/le-coin-de-laumonerie\/le-calendrier-de-lavent-du-groupe-daumonerie-de-nexon\/\",\"name\":\"Le calendrier de l'Avent du groupe d'aum\u00f4nerie de Nexon - Doyenn\u00e9s de Haute Vienne\",\"isPartOf\":{\"@id\":\"https:\/\/www.diocese-limoges.fr\/haute-vienne\/#website\"},\"primaryImageOfPage\":{\"@id\":\"https:\/\/www.diocese-limoges.fr\/haute-vienne\/paroisses\/paroisse-saint-aurelien\/le-coin-de-laumonerie\/le-calendrier-de-lavent-du-groupe-daumonerie-de-nexon\/#primaryimage\"},\"image\":{\"@id\":\"https:\/\/www.diocese-limoges.fr\/haute-vienne\/paroisses\/paroisse-saint-aurelien\/le-coin-de-laumonerie\/le-calendrier-de-lavent-du-groupe-daumonerie-de-nexon\/#primaryimage\"},\"thumbnailUrl\":\"https:\/\/www.diocese-limoges.fr\/haute-vienne\/wp-content\/uploads\/sites\/4\/2020\/12\/sans-titre.png\",\"datePublished\":\"2020-12-02T20:00:54+00:00\",\"dateModified\":\"2020-12-22T12:45:28+00:00\",\"breadcrumb\":{\"@id\":\"https:\/\/www.diocese-limoges.fr\/haute-vienne\/paroisses\/paroisse-saint-aurelien\/le-coin-de-laumonerie\/le-calendrier-de-lavent-du-groupe-daumonerie-de-nexon\/#breadcrumb\"},\"inLanguage\":\"fr-FR\",\"potentialAction\":[{\"@type\":\"ReadAction\",\"target\":[\"https:\/\/www.diocese-limoges.fr\/haute-vienne\/paroisses\/paroisse-saint-aurelien\/le-coin-de-laumonerie\/le-calendrier-de-lavent-du-groupe-daumonerie-de-nexon\/\"]}]},{\"@type\":\"ImageObject\",\"inLanguage\":\"fr-FR\",\"@id\":\"https:\/\/www.diocese-limoges.fr\/haute-vienne\/paroisses\/paroisse-saint-aurelien\/le-coin-de-laumonerie\/le-calendrier-de-lavent-du-groupe-daumonerie-de-nexon\/#primaryimage\",\"url\":\"https:\/\/www.diocese-limoges.fr\/haute-vienne\/wp-content\/uploads\/sites\/4\/2020\/12\/sans-titre.png\",\"contentUrl\":\"https:\/\/www.diocese-limoges.fr\/haute-vienne\/wp-content\/uploads\/sites\/4\/2020\/12\/sans-titre.png\",\"width\":743,\"height\":421},{\"@type\":\"BreadcrumbList\",\"@id\":\"https:\/\/www.diocese-limoges.fr\/haute-vienne\/paroisses\/paroisse-saint-aurelien\/le-coin-de-laumonerie\/le-calendrier-de-lavent-du-groupe-daumonerie-de-nexon\/#breadcrumb\",\"itemListElement\":[{\"@type\":\"ListItem\",\"position\":1,\"name\":\"Accueil\",\"item\":\"https:\/\/www.diocese-limoges.fr\/haute-vienne\/\"},{\"@type\":\"ListItem\",\"position\":2,\"name\":\"Paroisse Saint Aur\u00e9lien\",\"item\":\"https:\/\/www.diocese-limoges.fr\/haute-vienne\/paroisses\/paroisse-saint-aurelien\/\"},{\"@type\":\"ListItem\",\"position\":3,\"name\":\"Le coin de l&rsquo;aum\u00f4nerie des adolescents\",\"item\":\"https:\/\/www.diocese-limoges.fr\/haute-vienne\/paroisses\/paroisse-saint-aurelien\/le-coin-de-laumonerie\/\"},{\"@type\":\"ListItem\",\"position\":4,\"name\":\"Le calendrier de l&rsquo;Avent du groupe d&rsquo;aum\u00f4nerie de Nexon\"}]},{\"@type\":\"WebSite\",\"@id\":\"https:\/\/www.diocese-limoges.fr\/haute-vienne\/#website\",\"url\":\"https:\/\/www.diocese-limoges.fr\/haute-vienne\/\",\"name\":\"Doyenn\u00e9s de Haute Vienne\",\"description\":\"Dioc\u00e8se de Limoges\",\"potentialAction\":[{\"@type\":\"SearchAction\",\"target\":{\"@type\":\"EntryPoint\",\"urlTemplate\":\"https:\/\/www.diocese-limoges.fr\/haute-vienne\/?s={search_term_string}\"},\"query-input\":{\"@type\":\"PropertyValueSpecification\",\"valueRequired\":true,\"valueName\":\"search_term_string\"}}],\"inLanguage\":\"fr-FR\"}]}<\/script>\n<!-- \/ Yoast SEO plugin. -->","yoast_head_json":{"title":"Le calendrier de l'Avent du groupe d'aum\u00f4nerie de Nexon - Doyenn\u00e9s de Haute Vienne","robots":{"index":"index","follow":"follow","max-snippet":"max-snippet:-1","max-image-preview":"max-image-preview:large","max-video-preview":"max-video-preview:-1"},"canonical":"https:\/\/www.diocese-limoges.fr\/haute-vienne\/paroisses\/paroisse-saint-aurelien\/le-coin-de-laumonerie\/le-calendrier-de-lavent-du-groupe-daumonerie-de-nexon\/","og_locale":"fr_FR","og_type":"article","og_title":"Le calendrier de l'Avent du groupe d'aum\u00f4nerie de Nexon - Doyenn\u00e9s de Haute Vienne","og_description":"Pour montrer qu&rsquo;ils sont capables du meilleur, nous avons demand\u00e9 aux jeunes de l&rsquo;aum\u00f4nerie de Nexon de partager des belles photos, des r\u00e9alisations, des pri\u00e8res&#8230; quelque chose qui leur fait plaisir et qui les aide \u00e0 avancer&#8230; pour r\u00e9aliser un calendrier de l&rsquo;Avent. Un tirage au sort dans les r\u00e8gles a \u00e9t\u00e9 r\u00e9alis\u00e9 par Jean [&hellip;]","og_url":"https:\/\/www.diocese-limoges.fr\/haute-vienne\/paroisses\/paroisse-saint-aurelien\/le-coin-de-laumonerie\/le-calendrier-de-lavent-du-groupe-daumonerie-de-nexon\/","og_site_name":"Doyenn\u00e9s de Haute Vienne","article_modified_time":"2020-12-22T12:45:28+00:00","og_image":[{"width":743,"height":421,"url":"https:\/\/www.diocese-limoges.fr\/haute-vienne\/wp-content\/uploads\/sites\/4\/2020\/12\/sans-titre.png","type":"image\/png"}],"twitter_card":"summary_large_image","twitter_misc":{"Dur\u00e9e de lecture estim\u00e9e":"2 minutes"},"schema":{"@context":"https:\/\/schema.org","@graph":[{"@type":"WebPage","@id":"https:\/\/www.diocese-limoges.fr\/haute-vienne\/paroisses\/paroisse-saint-aurelien\/le-coin-de-laumonerie\/le-calendrier-de-lavent-du-groupe-daumonerie-de-nexon\/","url":"https:\/\/www.diocese-limoges.fr\/haute-vienne\/paroisses\/paroisse-saint-aurelien\/le-coin-de-laumonerie\/le-calendrier-de-lavent-du-groupe-daumonerie-de-nexon\/","name":"Le calendrier de l'Avent du groupe d'aum\u00f4nerie de Nexon - Doyenn\u00e9s de Haute Vienne","isPartOf":{"@id":"https:\/\/www.diocese-limoges.fr\/haute-vienne\/#website"},"primaryImageOfPage":{"@id":"https:\/\/www.diocese-limoges.fr\/haute-vienne\/paroisses\/paroisse-saint-aurelien\/le-coin-de-laumonerie\/le-calendrier-de-lavent-du-groupe-daumonerie-de-nexon\/#primaryimage"},"image":{"@id":"https:\/\/www.diocese-limoges.fr\/haute-vienne\/paroisses\/paroisse-saint-aurelien\/le-coin-de-laumonerie\/le-calendrier-de-lavent-du-groupe-daumonerie-de-nexon\/#primaryimage"},"thumbnailUrl":"https:\/\/www.diocese-limoges.fr\/haute-vienne\/wp-content\/uploads\/sites\/4\/2020\/12\/sans-titre.png","datePublished":"2020-12-02T20:00:54+00:00","dateModified":"2020-12-22T12:45:28+00:00","breadcrumb":{"@id":"https:\/\/www.diocese-limoges.fr\/haute-vienne\/paroisses\/paroisse-saint-aurelien\/le-coin-de-laumonerie\/le-calendrier-de-lavent-du-groupe-daumonerie-de-nexon\/#breadcrumb"},"inLanguage":"fr-FR","potentialAction":[{"@type":"ReadAction","target":["https:\/\/www.diocese-limoges.fr\/haute-vienne\/paroisses\/paroisse-saint-aurelien\/le-coin-de-laumonerie\/le-calendrier-de-lavent-du-groupe-daumonerie-de-nexon\/"]}]},{"@type":"ImageObject","inLanguage":"fr-FR","@id":"https:\/\/www.diocese-limoges.fr\/haute-vienne\/paroisses\/paroisse-saint-aurelien\/le-coin-de-laumonerie\/le-calendrier-de-lavent-du-groupe-daumonerie-de-nexon\/#primaryimage","url":"https:\/\/www.diocese-limoges.fr\/haute-vienne\/wp-content\/uploads\/sites\/4\/2020\/12\/sans-titre.png","contentUrl":"https:\/\/www.diocese-limoges.fr\/haute-vienne\/wp-content\/uploads\/sites\/4\/2020\/12\/sans-titre.png","width":743,"height":421},{"@type":"BreadcrumbList","@id":"https:\/\/www.diocese-limoges.fr\/haute-vienne\/paroisses\/paroisse-saint-aurelien\/le-coin-de-laumonerie\/le-calendrier-de-lavent-du-groupe-daumonerie-de-nexon\/#breadcrumb","itemListElement":[{"@type":"ListItem","position":1,"name":"Accueil","item":"https:\/\/www.diocese-limoges.fr\/haute-vienne\/"},{"@type":"ListItem","position":2,"name":"Paroisse Saint Aur\u00e9lien","item":"https:\/\/www.diocese-limoges.fr\/haute-vienne\/paroisses\/paroisse-saint-aurelien\/"},{"@type":"ListItem","position":3,"name":"Le coin de l&rsquo;aum\u00f4nerie des adolescents","item":"https:\/\/www.diocese-limoges.fr\/haute-vienne\/paroisses\/paroisse-saint-aurelien\/le-coin-de-laumonerie\/"},{"@type":"ListItem","position":4,"name":"Le calendrier de l&rsquo;Avent du groupe d&rsquo;aum\u00f4nerie de Nexon"}]},{"@type":"WebSite","@id":"https:\/\/www.diocese-limoges.fr\/haute-vienne\/#website","url":"https:\/\/www.diocese-limoges.fr\/haute-vienne\/","name":"Doyenn\u00e9s de Haute Vienne","description":"Dioc\u00e8se de Limoges","potentialAction":[{"@type":"SearchAction","target":{"@type":"EntryPoint","urlTemplate":"https:\/\/www.diocese-limoges.fr\/haute-vienne\/?s={search_term_string}"},"query-input":{"@type":"PropertyValueSpecification","valueRequired":true,"valueName":"search_term_string"}}],"inLanguage":"fr-FR"}]}},"_links":{"self":[{"href":"https:\/\/www.diocese-limoges.fr\/haute-vienne\/wp-json\/wp\/v2\/paroisse\/611","targetHints":{"allow":["GET"]}}],"collection":[{"href":"https:\/\/www.diocese-limoges.fr\/haute-vienne\/wp-json\/wp\/v2\/paroisse"}],"about":[{"href":"https:\/\/www.diocese-limoges.fr\/haute-vienne\/wp-json\/wp\/v2\/types\/paroisse"}],"author":[{"embeddable":true,"href":"https:\/\/www.diocese-limoges.fr\/haute-vienne\/wp-json\/wp\/v2\/users\/26"}],"up":[{"embeddable":true,"href":"https:\/\/www.diocese-limoges.fr\/haute-vienne\/wp-json\/wp\/v2\/paroisse\/519"}],"wp:featuredmedia":[{"embeddable":true,"href":"https:\/\/www.diocese-limoges.fr\/haute-vienne\/wp-json\/wp\/v2\/media\/612"}],"wp:attachment":[{"href":"https:\/\/www.diocese-limoges.fr\/haute-vienne\/wp-json\/wp\/v2\/media?parent=611"}],"curies":[{"name":"wp","href":"https:\/\/api.w.org\/{rel}","templated":true}]}}